{"id":1966,"date":"2023-05-29T10:51:34","date_gmt":"2023-05-29T10:51:34","guid":{"rendered":"http:\/\/takmicari-gen.codeit-dev.com\/?page_id=1966"},"modified":"2023-06-18T12:41:25","modified_gmt":"2023-06-18T12:41:25","slug":"juzna-i-istocna-srbija","status":"publish","type":"page","link":"http:\/\/takmicarigeneracije.gov.rs\/sr-latn\/regioni\/juzna-i-istocna-srbija\/","title":{"rendered":"Ju\u017ena i isto\u010dna Srbija"},"content":{"rendered":"\t\t<div data-elementor-type=\"wp-page\" data-elementor-id=\"1966\" class=\"elementor elementor-1966\" data-elementor-post-type=\"page\">\n\t\t\t\t\t\t<section class=\"elementor-section elementor-top-section elementor-element elementor-element-4d4ba543 elementor-section-full_width elementor-section-height-default elementor-section-height-default\" data-id=\"4d4ba543\" data-element_type=\"section\" id=\"home\">\n\t\t\t\t\t\t<div class=\"elementor-container elementor-column-gap-no\">\n\t\t\t\t\t<div class=\"elementor-column elementor-col-100 elementor-top-column elementor-element elementor-element-4e3e78d6\" data-id=\"4e3e78d6\" data-element_type=\"column\">\n\t\t\t<div class=\"elementor-widget-wrap\">\n\t\t\t\t\t\t\t<\/div>\n\t\t<\/div>\n\t\t\t\t\t<\/div>\n\t\t<\/section>\n\t\t\t\t<section class=\"elementor-section elementor-top-section elementor-element elementor-element-3b64b22d elementor-section-full_width elementor-section-height-default elementor-section-height-default\" data-id=\"3b64b22d\" data-element_type=\"section\">\n\t\t\t\t\t\t<div class=\"elementor-container elementor-column-gap-no\">\n\t\t\t\t\t<div class=\"elementor-column elementor-col-100 elementor-top-column elementor-element elementor-element-2cd619a5\" data-id=\"2cd619a5\" data-element_type=\"column\">\n\t\t\t<div class=\"elementor-widget-wrap elementor-element-populated\">\n\t\t\t\t\t\t<div class=\"elementor-element elementor-element-2c9339c7 elementor-widget elementor-widget-counter\" data-id=\"2c9339c7\" data-element_type=\"widget\" data-widget_type=\"counter.default\">\n\t\t\t\t<div class=\"elementor-widget-container\">\n\t\t\t\t\t\t\t<div class=\"elementor-counter\">\n\t\t\t<div class=\"elementor-counter-title\">Cool Number<\/div>\t\t\t<div class=\"elementor-counter-number-wrapper\">\n\t\t\t\t<span class=\"elementor-counter-number-prefix\"><\/span>\n\t\t\t\t<span class=\"elementor-counter-number\" data-duration=\"2000\" data-to-value=\"100\" data-from-value=\"0\" data-delimiter=\",\">0<\/span>\n\t\t\t\t<span class=\"elementor-counter-number-suffix\"><\/span>\n\t\t\t<\/div>\n\t\t<\/div>\n\t\t\t\t\t\t<\/div>\n\t\t\t\t<\/div>\n\t\t\t\t\t<\/div>\n\t\t<\/div>\n\t\t\t\t\t<\/div>\n\t\t<\/section>\n\t\t\t\t<section class=\"elementor-section elementor-top-section elementor-element elementor-element-6e4d082 elementor-section-boxed elementor-section-height-default elementor-section-height-default\" data-id=\"6e4d082\" data-element_type=\"section\">\n\t\t\t\t\t\t<div class=\"elementor-container elementor-column-gap-default\">\n\t\t\t\t\t<div class=\"elementor-column elementor-col-100 elementor-top-column elementor-element elementor-element-f6774cb\" data-id=\"f6774cb\" data-element_type=\"column\">\n\t\t\t<div class=\"elementor-widget-wrap elementor-element-populated\">\n\t\t\t\t\t\t<div class=\"elementor-element elementor-element-5eb9c06 elementor-widget elementor-widget-heading\" data-id=\"5eb9c06\" data-element_type=\"widget\" data-widget_type=\"heading.default\">\n\t\t\t\t<div class=\"elementor-widget-container\">\n\t\t\t\t\t<h2 class=\"elementor-heading-title elementor-size-default\">Region ju\u017ene i isto\u010dne Srbije<\/h2>\t\t\t\t<\/div>\n\t\t\t\t<\/div>\n\t\t\t\t\t<\/div>\n\t\t<\/div>\n\t\t\t\t\t<\/div>\n\t\t<\/section>\n\t\t\t\t<section class=\"elementor-section elementor-top-section elementor-element elementor-element-4787685 elementor-section-boxed elementor-section-height-default elementor-section-height-default\" data-id=\"4787685\" data-element_type=\"section\">\n\t\t\t\t\t\t<div class=\"elementor-container elementor-column-gap-default\">\n\t\t\t\t\t<div class=\"elementor-column elementor-col-100 elementor-top-column elementor-element elementor-element-840399a\" data-id=\"840399a\" data-element_type=\"column\">\n\t\t\t<div class=\"elementor-widget-wrap elementor-element-populated\">\n\t\t\t\t\t\t<div class=\"elementor-element elementor-element-fa6fb37 elementor-widget elementor-widget-text-editor\" data-id=\"fa6fb37\" data-element_type=\"widget\" data-widget_type=\"text-editor.default\">\n\t\t\t\t<div class=\"elementor-widget-container\">\n\t\t\t\t\t\t\t\t\t<h4 style=\"letter-spacing: normal; text-align: center;\"><span style=\"color: #000080;\">Zlatna dekoracija (9 najuspe\u0161nijih) ju\u017ene i isto\u010dne Srbije<\/span><\/h4><h4 style=\"letter-spacing: normal; text-align: center;\"><span style=\"color: #003366;\">Dopune i ispravke do ponedeljka 26. juna do 12:00<\/span><\/h4>\t\t\t\t\t\t\t\t<\/div>\n\t\t\t\t<\/div>\n\t\t\t\t\t<\/div>\n\t\t<\/div>\n\t\t\t\t\t<\/div>\n\t\t<\/section>\n\t\t\t\t<section class=\"elementor-section elementor-top-section elementor-element elementor-element-1cf404d elementor-section-boxed elementor-section-height-default elementor-section-height-default\" data-id=\"1cf404d\" data-element_type=\"section\">\n\t\t\t\t\t\t<div class=\"elementor-container elementor-column-gap-default\">\n\t\t\t\t\t<div class=\"elementor-column elementor-col-100 elementor-top-column elementor-element elementor-element-9052e89\" data-id=\"9052e89\" data-element_type=\"column\">\n\t\t\t<div class=\"elementor-widget-wrap elementor-element-populated\">\n\t\t\t\t\t\t<div class=\"elementor-element elementor-element-f1cd442 elementor-widget elementor-widget-shortcode\" data-id=\"f1cd442\" data-element_type=\"widget\" data-widget_type=\"shortcode.default\">\n\t\t\t\t<div class=\"elementor-widget-container\">\n\t\t\t\t\t\t\t<div class=\"elementor-shortcode\">\n<div id=\"tablepress-28-scroll-wrapper\" class=\"tablepress-scroll-wrapper\">\n<table id=\"tablepress-28\" class=\"tablepress tablepress-id-28 tablepress-responsive\">\n<thead>\n<tr class=\"row-1\">\n\t<th class=\"column-1\">\u0418\u043c\u0435 \u0438 \u043f\u0440\u0435\u0437\u0438\u043c\u0435<\/th><th class=\"column-2\">\u041e\u0441\u043d\u043e\u0432\u043d\u0430 \u0448\u043a\u043e\u043b\u0430<\/th><th class=\"column-3\">\u041c\u0435\u0441\u0442\u043e<\/th><th class=\"column-4\">\u041e\u0434\u0435\u0459\u0435\u045a\u0435<\/th>\n<\/tr>\n<\/thead>\n<tbody class=\"row-striping row-hover\">\n<tr class=\"row-2\">\n\t<td class=\"column-1\"><a href=\"\/gen-2008\/olga-dimitrijevic\"> \u041e\u043b\u0433\u0430 \u0414\u0438\u043c\u0438\u0442\u0440\u0438\u0458\u0435\u0432\u0438\u045b <\/a><\/td><td class=\"column-2\">\u041e\u0428 \"\u0420\u0430\u0442\u043a\u043e \u0412\u0443\u043a\u0438\u0447\u0435\u0432\u0438\u045b\"<\/td><td class=\"column-3\">\u041d\u0438\u0448<\/td><td class=\"column-4\"><a href=\"\/takmicari\/zlatno-odeljenje\"> \u0417\u043b\u0430\u0442\u043d\u043e \u043e\u0434\u0435\u0459\u0435\u045a\u0435<\/a><\/td>\n<\/tr>\n<tr class=\"row-3\">\n\t<td class=\"column-1\"><a href=\"\/gen-2008\/lana-vuckovic\"> \u041b\u0430\u043d\u0430 \u0412\u0443\u0447\u043a\u043e\u0432\u0438\u045b <\/a><\/td><td class=\"column-2\">\u041e\u0428 \"\u0420\u0430\u0434\u043e\u0458\u0435 \u0414\u043e\u043c\u0430\u043d\u043e\u0432\u0438\u045b\"<\/td><td class=\"column-3\">\u041d\u0438\u0448, \u041c\u0435\u0434\u0438\u0458\u0430\u043d\u0430<\/td><td class=\"column-4\"><a href=\"\/takmicari\/zlatno-odeljenje\"> \u0417\u043b\u0430\u0442\u043d\u043e \u043e\u0434\u0435\u0459\u0435\u045a\u0435<\/a><\/td>\n<\/tr>\n<tr class=\"row-4\">\n\t<td class=\"column-1\"><a href=\"\/gen-2008\/dimitrije-atanaskovic\/\"> \u0414\u0438\u043c\u0438\u0442\u0440\u0438\u0458\u0435 \u0410\u0442\u0430\u043d\u0430\u0441\u043a\u043e\u0432\u0438\u045b <\/a><\/td><td class=\"column-2\">\u041e\u0428 \"\u0426\u0430\u0440 \u041a\u043e\u043d\u0441\u0442\u0430\u043d\u0442\u0438\u043d\" +<br \/>\n \u0433\u0438\u043c\u043d\u0430\u0437\u0438\u0458\u0430 \"\u0421\u0432\u0435\u0442\u043e\u0437\u0430\u0440 \u041c\u0430\u0440\u043a\u043e\u0432\u0438\u045b\"<\/td><td class=\"column-3\">\u041d\u0438\u0448<\/td><td class=\"column-4\"><a href=\"\/takmicari\/zlatno-odeljenje\"> \u0417\u043b\u0430\u0442\u043d\u043e \u043e\u0434\u0435\u0459\u0435\u045a\u0435<\/a><\/td>\n<\/tr>\n<tr class=\"row-5\">\n\t<td class=\"column-1\"><a href=\"\/gen-2008\/lazar-kolundzija\/\"> \u041b\u0430\u0437\u0430\u0440 \u041a\u043e\u043b\u0443\u043d\u045f\u0438\u0458\u0430 <\/a><\/td><td class=\"column-2\">\u041e\u0428 \"\u0411\u0440\u0430\u043d\u043a\u043e \u041c\u0438\u0459\u043a\u043e\u0432\u0438\u045b\" +<br \/>\n\u0433\u0438\u043c\u043d\u0430\u0437\u0438\u0458\u0430 \"\u0421\u0432\u0435\u0442\u043e\u0437\u0430\u0440 \u041c\u0430\u0440\u043a\u043e\u0432\u0438\u045b\"<\/td><td class=\"column-3\">\u041d\u0438\u0448<\/td><td class=\"column-4\"><a href=\"\/takmicari\/zlatno-odeljenje\"> \u0417\u043b\u0430\u0442\u043d\u043e \u043e\u0434\u0435\u0459\u0435\u045a\u0435<\/a><\/td>\n<\/tr>\n<tr class=\"row-6\">\n\t<td class=\"column-1\"><a href=\"\/gen-2008\/jovan-milosevic\/\"> \u0408\u043e\u0432\u0430\u043d \u041c\u0438\u043b\u043e\u0448\u0435\u0432\u0438\u045b <\/a><\/td><td class=\"column-2\">\u041e\u0428 \"\u0411\u0440\u0430\u043d\u043a\u043e \u0420\u0430\u0434\u0438\u0447\u0435\u0432\u0438\u045b\" +<br \/>\n\u041c\u0430\u0442\u0435\u043c\u0430\u0442\u0438\u0447\u043a\u0430 \u0433\u0438\u043c\u043d\u0430\u0437\u0438\u0458\u0430<\/td><td class=\"column-3\">\u041d\u0435\u0433\u043e\u0442\u0438\u043d +<br \/>\n\u0421\u0442\u0430\u0440\u0438 \u0433\u0440\u0430\u0434<\/td><td class=\"column-4\"><a href=\"\/takmicari\/zlatno-odeljenje\"> \u0417\u043b\u0430\u0442\u043d\u043e \u043e\u0434\u0435\u0459\u0435\u045a\u0435<\/a><\/td>\n<\/tr>\n<\/tbody>\n<\/table>\n<\/div>\n<!-- #tablepress-28 from cache --><\/div>\n\t\t\t\t\t\t<\/div>\n\t\t\t\t<\/div>\n\t\t\t\t\t<\/div>\n\t\t<\/div>\n\t\t\t\t\t<\/div>\n\t\t<\/section>\n\t\t\t\t<section class=\"elementor-section elementor-top-section elementor-element elementor-element-50fd4a4 elementor-section-boxed elementor-section-height-default elementor-section-height-default\" data-id=\"50fd4a4\" data-element_type=\"section\">\n\t\t\t\t\t\t<div class=\"elementor-container elementor-column-gap-default\">\n\t\t\t\t\t<div class=\"elementor-column elementor-col-100 elementor-top-column elementor-element elementor-element-3df0942\" data-id=\"3df0942\" data-element_type=\"column\">\n\t\t\t<div class=\"elementor-widget-wrap elementor-element-populated\">\n\t\t\t\t\t\t<div class=\"elementor-element elementor-element-15e4d1d elementor-widget elementor-widget-text-editor\" data-id=\"15e4d1d\" data-element_type=\"widget\" data-widget_type=\"text-editor.default\">\n\t\t\t\t<div class=\"elementor-widget-container\">\n\t\t\t\t\t\t\t\t\t<h4 style=\"text-align: center;\">Srebrne dekoracije (10-29)<\/h4>\t\t\t\t\t\t\t\t<\/div>\n\t\t\t\t<\/div>\n\t\t\t\t\t<\/div>\n\t\t<\/div>\n\t\t\t\t\t<\/div>\n\t\t<\/section>\n\t\t\t\t<section class=\"elementor-section elementor-top-section elementor-element elementor-element-1ceb408 elementor-section-boxed elementor-section-height-default elementor-section-height-default\" data-id=\"1ceb408\" data-element_type=\"section\">\n\t\t\t\t\t\t<div class=\"elementor-container elementor-column-gap-default\">\n\t\t\t\t\t<div class=\"elementor-column elementor-col-100 elementor-top-column elementor-element elementor-element-199bcc7\" data-id=\"199bcc7\" data-element_type=\"column\">\n\t\t\t<div class=\"elementor-widget-wrap elementor-element-populated\">\n\t\t\t\t\t\t<div class=\"elementor-element elementor-element-9c184e6 elementor-widget elementor-widget-shortcode\" data-id=\"9c184e6\" data-element_type=\"widget\" data-widget_type=\"shortcode.default\">\n\t\t\t\t<div class=\"elementor-widget-container\">\n\t\t\t\t\t\t\t<div class=\"elementor-shortcode\">\n<div id=\"tablepress-55-scroll-wrapper\" class=\"tablepress-scroll-wrapper\">\n<table id=\"tablepress-55\" class=\"tablepress tablepress-id-55 tablepress-responsive\">\n<thead>\n<tr class=\"row-1\">\n\t<th class=\"column-1\">\u0418\u043c\u0435 \u0438 \u043f\u0440\u0435\u0437\u0438\u043c\u0435<\/th><th class=\"column-2\">\u041e\u0441\u043d\u043e\u0432\u043d\u0430 \u0448\u043a\u043e\u043b\u0430<\/th><th class=\"column-3\">\u041c\u0435\u0441\u0442\u043e<\/th><th class=\"column-4\">\u041e\u0434\u0435\u0459\u0435\u045a\u0435<\/th>\n<\/tr>\n<\/thead>\n<tbody class=\"row-striping row-hover\">\n<tr class=\"row-2\">\n\t<td class=\"column-1\"><a href=\"\/gen-2008\/strahinja-sapic\"> \u0421\u0442\u0440\u0430\u0445\u0438\u045a\u0430 \u0428\u0430\u043f\u0438\u045b <\/a><\/td><td class=\"column-2\">\u041e\u0428 \"\u0412\u043e\u0436\u0434 \u041a\u0430\u0440\u0430\u0452\u043e\u0440\u0452\u0435\"<\/td><td class=\"column-3\">\u041d\u0438\u0448<\/td><td class=\"column-4\"><a href=\"\/takmicari\/srebrno-odeljenje\"> \u0421\u0440\u0435\u0431\u0440\u043d\u043e \u043e\u0434\u0435\u0459\u0435\u045a\u0435<\/a><\/td>\n<\/tr>\n<tr class=\"row-3\">\n\t<td class=\"column-1\"><a href=\"\/gen-2008\/aleksa-stevcic\/\"> \u0410\u043b\u0435\u043a\u0441\u0430 \u0421\u0442\u0435\u0432\u0447\u0438\u045b <\/a><\/td><td class=\"column-2\">\u041e\u0428 \"\u041a\u043e\u043b\u0435 \u0420\u0430\u0448\u0438\u045b\"<\/td><td class=\"column-3\">\u041d\u0438\u0448<\/td><td class=\"column-4\"><a href=\"\/takmicari\/srebrno-odeljenje\"> \u0421\u0440\u0435\u0431\u0440\u043d\u043e \u043e\u0434\u0435\u0459\u0435\u045a\u0435<\/a><\/td>\n<\/tr>\n<tr class=\"row-4\">\n\t<td class=\"column-1\"><a href=\"\/gen-2008\/andjelija-joncic\/\"> \u0410\u043d\u0452\u0435\u043b\u0438\u0458\u0430 \u0408\u043e\u043d\u0447\u0438\u045b <\/a><\/td><td class=\"column-2\">\u041e\u0428 \"\u0412\u0443\u043a \u041a\u0430\u0440\u0430\u045f\u0438\u045b\"<\/td><td class=\"column-3\">\u041f\u0438\u0440\u043e\u0442<\/td><td class=\"column-4\"><a href=\"\/takmicari\/srebrno-odeljenje\"> \u0421\u0440\u0435\u0431\u0440\u043d\u043e \u043e\u0434\u0435\u0459\u0435\u045a\u0435<\/a><\/td>\n<\/tr>\n<tr class=\"row-5\">\n\t<td class=\"column-1\"><a href=\"\/gen-2008\/teodora-milovanovic\"> \u0422\u0435\u043e\u0434\u043e\u0440\u0430 \u041c\u0438\u043b\u043e\u0432\u0430\u043d\u043e\u0432\u0438\u045b <\/a><\/td><td class=\"column-2\">\u041e\u0428 \"\u0425\u0430\u0458\u0434\u0443\u043a \u0412\u0435\u0459\u043a\u043e\"<\/td><td class=\"column-3\">\u0417\u0430\u0458\u0435\u0447\u0430\u0440<\/td><td class=\"column-4\"><a href=\"\/takmicari\/srebrno-odeljenje\"> \u0421\u0440\u0435\u0431\u0440\u043d\u043e \u043e\u0434\u0435\u0459\u0435\u045a\u0435<\/a><\/td>\n<\/tr>\n<tr class=\"row-6\">\n\t<td class=\"column-1\"><a href=\"\/gen-2008\/nadja-vujovic\"> \u041d\u0430\u0452\u0430 \u0412\u0443\u0458\u043e\u0432\u0438\u045b <\/a><\/td><td class=\"column-2\">\u041e\u0428 \"\u0414\u0443\u0448\u0430\u043d \u0420\u0430\u0434\u043e\u0432\u0438\u045b\"<\/td><td class=\"column-3\">\u041d\u0438\u0448<\/td><td class=\"column-4\"><a href=\"\/takmicari\/srebrno-odeljenje\"> \u0421\u0440\u0435\u0431\u0440\u043d\u043e \u043e\u0434\u0435\u0459\u0435\u045a\u0435<\/a><\/td>\n<\/tr>\n<tr class=\"row-7\">\n\t<td class=\"column-1\"><a href=\"\/gen-2008\/lana-djordjevic\"> \u041b\u0430\u043d\u0430 \u0402\u043e\u0440\u0452\u0435\u0432\u0438\u045b <\/a><\/td><td class=\"column-2\">\u041e\u0428 \"\u0414\u0443\u0448\u0430\u043d \u0420\u0430\u0434\u043e\u0432\u0438\u045b\u201d<\/td><td class=\"column-3\">\u041f\u0438\u0440\u043e\u0442<\/td><td class=\"column-4\"><a href=\"\/takmicari\/srebrno-odeljenje\"> \u0421\u0440\u0435\u0431\u0440\u043d\u043e \u043e\u0434\u0435\u0459\u0435\u045a\u0435<\/a><\/td>\n<\/tr>\n<tr class=\"row-8\">\n\t<td class=\"column-1\"><a href=\"\/gen-2008\/magdalena-karic\"> \u041c\u0430\u0433\u0434\u0430\u043b\u0435\u043d\u0430 \u041a\u0430\u0440\u0438\u045b <\/a><\/td><td class=\"column-2\">\u041e\u0428 \"\u0418\u0432\u043e \u041b\u043e\u043b\u0430 \u0420\u0438\u0431\u0430\u0440\u201d<\/td><td class=\"column-3\">\u0412\u0435\u043b\u0438\u043a\u043e \u0413\u0440\u0430\u0434\u0438\u0448\u0442\u0435<\/td><td class=\"column-4\"><a href=\"\/takmicari\/srebrno-odeljenje\"> \u0421\u0440\u0435\u0431\u0440\u043d\u043e \u043e\u0434\u0435\u0459\u0435\u045a\u0435<\/a><\/td>\n<\/tr>\n<tr class=\"row-9\">\n\t<td class=\"column-1\"><a href=\"\/gen-2008\/tea-ivanovic\"> \u0422\u0435\u0430 \u0418\u0432\u0430\u043d\u043e\u0432\u0438\u045b <\/a><\/td><td class=\"column-2\">\u041e\u0428 \"\u0414\u043e\u0441\u0438\u0442\u0435\u0458 \u041e\u0431\u0440\u0430\u0434\u043e\u0432\u0438\u045b\u201d<\/td><td class=\"column-3\">\u041f\u043e\u0436\u0430\u0440\u0435\u0432\u0430\u0446<\/td><td class=\"column-4\"><a href=\"\/takmicari\/srebrno-odeljenje\"> \u0421\u0440\u0435\u0431\u0440\u043d\u043e \u043e\u0434\u0435\u0459\u0435\u045a\u0435<\/a><\/td>\n<\/tr>\n<\/tbody>\n<\/table>\n<\/div>\n<!-- #tablepress-55 from cache --><\/div>\n\t\t\t\t\t\t<\/div>\n\t\t\t\t<\/div>\n\t\t\t\t\t<\/div>\n\t\t<\/div>\n\t\t\t\t\t<\/div>\n\t\t<\/section>\n\t\t\t\t<\/div>\n\t\t","protected":false},"excerpt":{"rendered":"<p>test.generacije.info Info portal koji prepoznaje uspe\u0161nije u\u010denike Svake godine su takmi\u010denja. Poku\u0161aj. Daj sve od sebe. Stipendije i nagrade 1000 dodeljenih nagrada svake godine 10000 pregledanih radova 144 uspe\u0161nijih \u0111aka 500 Internet linkova izvora informacija Region ju\u017ene i isto\u010dne Srbije Zlatna dekoracija (9 najuspe\u0161nijih) ju\u017ene i isto\u010dne Srbije Dopune i ispravke do ponedeljka 26. juna [&hellip;]<\/p>\n","protected":false},"author":1,"featured_media":0,"parent":2173,"menu_order":1,"comment_status":"closed","ping_status":"closed","template":"page-templates\/home1.php","meta":{"_acf_changed":false,"footnotes":""},"class_list":["post-1966","page","type-page","status-publish","hentry"],"acf":[],"yoast_head":"<!-- This site is optimized with the Yoast SEO plugin v26.4 - https:\/\/yoast.com\/wordpress\/plugins\/seo\/ -->\n<title>Ju\u017ena i isto\u010dna Srbija &#8226; Takmi\u010dari generacije<\/title>\n<meta name=\"description\" content=\"U cilju identifikacije, pra\u0107enja i podsticanja u\u010denika sa izuzetnim, posebnim sposobnostima napravljena je platforma Takmi\u010dari generacije.\" \/>\n<meta name=\"robots\" content=\"index, follow, max-snippet:-1, max-image-preview:large, max-video-preview:-1\" \/>\n<link rel=\"canonical\" href=\"http:\/\/takmicarigeneracije.gov.rs\/sr-latn\/regioni\/juzna-i-istocna-srbija\/\" \/>\n<meta property=\"og:locale\" content=\"en_US\" \/>\n<meta property=\"og:type\" content=\"article\" \/>\n<meta property=\"og:title\" content=\"Ju\u017ena i isto\u010dna Srbija &#8226; Takmi\u010dari generacije\" \/>\n<meta property=\"og:description\" content=\"U cilju identifikacije, pra\u0107enja i podsticanja u\u010denika sa izuzetnim, posebnim sposobnostima napravljena je platforma Takmi\u010dari generacije.\" \/>\n<meta property=\"og:url\" content=\"http:\/\/takmicarigeneracije.gov.rs\/sr-latn\/regioni\/juzna-i-istocna-srbija\/\" \/>\n<meta property=\"og:site_name\" content=\"\u0422\u0430\u043a\u043c\u0438\u0447\u0430\u0440\u0438 \u0433\u0435\u043d\u0435\u0440\u0430\u0446\u0438\u0458\u0435\" \/>\n<meta property=\"article:modified_time\" content=\"2023-06-18T12:41:25+00:00\" \/>\n<meta property=\"og:image\" content=\"http:\/\/takmicarigeneracije.gov.rs\/wp-content\/uploads\/2023\/04\/tanda-hero.png\" \/>\n<meta name=\"twitter:card\" content=\"summary_large_image\" \/>\n<meta name=\"twitter:label1\" content=\"Est. reading time\" \/>\n\t<meta name=\"twitter:data1\" content=\"2 minutes\" \/>\n<script type=\"application\/ld+json\" class=\"yoast-schema-graph\">{\"@context\":\"https:\/\/schema.org\",\"@graph\":[{\"@type\":\"WebPage\",\"@id\":\"http:\/\/takmicarigeneracije.gov.rs\/sr-latn\/regioni\/juzna-i-istocna-srbija\/\",\"url\":\"http:\/\/takmicarigeneracije.gov.rs\/sr-latn\/regioni\/juzna-i-istocna-srbija\/\",\"name\":\"Ju\u017ena i isto\u010dna Srbija &#8226; Takmi\u010dari generacije\",\"isPartOf\":{\"@id\":\"http:\/\/takmicarigeneracije.gov.rs\/sr-latn\/#website\"},\"primaryImageOfPage\":{\"@id\":\"http:\/\/takmicarigeneracije.gov.rs\/sr-latn\/regioni\/juzna-i-istocna-srbija\/#primaryimage\"},\"image\":{\"@id\":\"http:\/\/takmicarigeneracije.gov.rs\/sr-latn\/regioni\/juzna-i-istocna-srbija\/#primaryimage\"},\"thumbnailUrl\":\"http:\/\/takmicarigeneracije.gov.rs\/wp-content\/uploads\/2023\/04\/tanda-hero.png\",\"datePublished\":\"2023-05-29T10:51:34+00:00\",\"dateModified\":\"2023-06-18T12:41:25+00:00\",\"description\":\"U cilju identifikacije, pra\u0107enja i podsticanja u\u010denika sa izuzetnim, posebnim sposobnostima napravljena je platforma Takmi\u010dari generacije.\",\"breadcrumb\":{\"@id\":\"http:\/\/takmicarigeneracije.gov.rs\/sr-latn\/regioni\/juzna-i-istocna-srbija\/#breadcrumb\"},\"inLanguage\":\"lat\",\"potentialAction\":[{\"@type\":\"ReadAction\",\"target\":[\"http:\/\/takmicarigeneracije.gov.rs\/sr-latn\/regioni\/juzna-i-istocna-srbija\/\"]}]},{\"@type\":\"ImageObject\",\"inLanguage\":\"lat\",\"@id\":\"http:\/\/takmicarigeneracije.gov.rs\/sr-latn\/regioni\/juzna-i-istocna-srbija\/#primaryimage\",\"url\":\"http:\/\/takmicarigeneracije.gov.rs\/wp-content\/uploads\/2023\/04\/tanda-hero.png\",\"contentUrl\":\"http:\/\/takmicarigeneracije.gov.rs\/wp-content\/uploads\/2023\/04\/tanda-hero.png\"},{\"@type\":\"BreadcrumbList\",\"@id\":\"http:\/\/takmicarigeneracije.gov.rs\/sr-latn\/regioni\/juzna-i-istocna-srbija\/#breadcrumb\",\"itemListElement\":[{\"@type\":\"ListItem\",\"position\":1,\"name\":\"Po\u010detna\",\"item\":\"http:\/\/takmicarigeneracije.gov.rs\/sr-latn\/\"},{\"@type\":\"ListItem\",\"position\":2,\"name\":\"Regioni\",\"item\":\"http:\/\/takmicarigeneracije.gov.rs\/sr-latn\/regioni\/\"},{\"@type\":\"ListItem\",\"position\":3,\"name\":\"Ju\u017ena i isto\u010dna Srbija\"}]},{\"@type\":\"WebSite\",\"@id\":\"http:\/\/takmicarigeneracije.gov.rs\/sr-latn\/#website\",\"url\":\"http:\/\/takmicarigeneracije.gov.rs\/sr-latn\/\",\"name\":\"\u0422\u0430\u043a\u043c\u0438\u0447\u0430\u0440\u0438 \u0433\u0435\u043d\u0435\u0440\u0430\u0446\u0438\u0458\u0435\",\"description\":\"\u041e\u0432\u0434\u0435 \u0441\u043c\u043e \u0434\u0430 \u043f\u043e\u0434\u0440\u0436\u0438\u043c\u043e \u0443\u0441\u043f\u0435\u0445\u0435.\",\"publisher\":{\"@id\":\"http:\/\/takmicarigeneracije.gov.rs\/sr-latn\/#organization\"},\"alternateName\":\"\u0422\u0430\u043a\u043c\u0438\u0447\u0430\u0440\u0438 \u0433\u0435\u043d\u0435\u0440\u0430\u0446\u0438\u0458\u0435\",\"potentialAction\":[{\"@type\":\"SearchAction\",\"target\":{\"@type\":\"EntryPoint\",\"urlTemplate\":\"http:\/\/takmicarigeneracije.gov.rs\/sr-latn\/?s={search_term_string}\"},\"query-input\":{\"@type\":\"PropertyValueSpecification\",\"valueRequired\":true,\"valueName\":\"search_term_string\"}}],\"inLanguage\":\"lat\"},{\"@type\":\"Organization\",\"@id\":\"http:\/\/takmicarigeneracije.gov.rs\/sr-latn\/#organization\",\"name\":\"Takmi\u010dari generacije\",\"alternateName\":\"\u0422\u0430\u043a\u043c\u0438\u0447\u0430\u0440\u0438 \u0433\u0435\u043d\u0435\u0440\u0430\u0446\u0438\u0458\u0435\",\"url\":\"http:\/\/takmicarigeneracije.gov.rs\/sr-latn\/\",\"logo\":{\"@type\":\"ImageObject\",\"inLanguage\":\"lat\",\"@id\":\"http:\/\/takmicarigeneracije.gov.rs\/sr-latn\/#\/schema\/logo\/image\/\",\"url\":\"http:\/\/takmicarigeneracije.gov.rs\/wp-content\/uploads\/2023\/11\/generacije-logo.svg\",\"contentUrl\":\"http:\/\/takmicarigeneracije.gov.rs\/wp-content\/uploads\/2023\/11\/generacije-logo.svg\",\"width\":169,\"height\":34,\"caption\":\"Takmi\u010dari generacije\"},\"image\":{\"@id\":\"http:\/\/takmicarigeneracije.gov.rs\/sr-latn\/#\/schema\/logo\/image\/\"}}]}<\/script>\n<!-- \/ Yoast SEO plugin. -->","yoast_head_json":{"title":"Ju\u017ena i isto\u010dna Srbija &#8226; Takmi\u010dari generacije","description":"U cilju identifikacije, pra\u0107enja i podsticanja u\u010denika sa izuzetnim, posebnim sposobnostima napravljena je platforma Takmi\u010dari generacije.","robots":{"index":"index","follow":"follow","max-snippet":"max-snippet:-1","max-image-preview":"max-image-preview:large","max-video-preview":"max-video-preview:-1"},"canonical":"http:\/\/takmicarigeneracije.gov.rs\/sr-latn\/regioni\/juzna-i-istocna-srbija\/","og_locale":"en_US","og_type":"article","og_title":"Ju\u017ena i isto\u010dna Srbija &#8226; Takmi\u010dari generacije","og_description":"U cilju identifikacije, pra\u0107enja i podsticanja u\u010denika sa izuzetnim, posebnim sposobnostima napravljena je platforma Takmi\u010dari generacije.","og_url":"http:\/\/takmicarigeneracije.gov.rs\/sr-latn\/regioni\/juzna-i-istocna-srbija\/","og_site_name":"\u0422\u0430\u043a\u043c\u0438\u0447\u0430\u0440\u0438 \u0433\u0435\u043d\u0435\u0440\u0430\u0446\u0438\u0458\u0435","article_modified_time":"2023-06-18T12:41:25+00:00","og_image":[{"url":"http:\/\/takmicarigeneracije.gov.rs\/wp-content\/uploads\/2023\/04\/tanda-hero.png","type":"","width":"","height":""}],"twitter_card":"summary_large_image","twitter_misc":{"Est. reading time":"2 minutes"},"schema":{"@context":"https:\/\/schema.org","@graph":[{"@type":"WebPage","@id":"http:\/\/takmicarigeneracije.gov.rs\/sr-latn\/regioni\/juzna-i-istocna-srbija\/","url":"http:\/\/takmicarigeneracije.gov.rs\/sr-latn\/regioni\/juzna-i-istocna-srbija\/","name":"Ju\u017ena i isto\u010dna Srbija &#8226; Takmi\u010dari generacije","isPartOf":{"@id":"http:\/\/takmicarigeneracije.gov.rs\/sr-latn\/#website"},"primaryImageOfPage":{"@id":"http:\/\/takmicarigeneracije.gov.rs\/sr-latn\/regioni\/juzna-i-istocna-srbija\/#primaryimage"},"image":{"@id":"http:\/\/takmicarigeneracije.gov.rs\/sr-latn\/regioni\/juzna-i-istocna-srbija\/#primaryimage"},"thumbnailUrl":"http:\/\/takmicarigeneracije.gov.rs\/wp-content\/uploads\/2023\/04\/tanda-hero.png","datePublished":"2023-05-29T10:51:34+00:00","dateModified":"2023-06-18T12:41:25+00:00","description":"U cilju identifikacije, pra\u0107enja i podsticanja u\u010denika sa izuzetnim, posebnim sposobnostima napravljena je platforma Takmi\u010dari generacije.","breadcrumb":{"@id":"http:\/\/takmicarigeneracije.gov.rs\/sr-latn\/regioni\/juzna-i-istocna-srbija\/#breadcrumb"},"inLanguage":"lat","potentialAction":[{"@type":"ReadAction","target":["http:\/\/takmicarigeneracije.gov.rs\/sr-latn\/regioni\/juzna-i-istocna-srbija\/"]}]},{"@type":"ImageObject","inLanguage":"lat","@id":"http:\/\/takmicarigeneracije.gov.rs\/sr-latn\/regioni\/juzna-i-istocna-srbija\/#primaryimage","url":"http:\/\/takmicarigeneracije.gov.rs\/wp-content\/uploads\/2023\/04\/tanda-hero.png","contentUrl":"http:\/\/takmicarigeneracije.gov.rs\/wp-content\/uploads\/2023\/04\/tanda-hero.png"},{"@type":"BreadcrumbList","@id":"http:\/\/takmicarigeneracije.gov.rs\/sr-latn\/regioni\/juzna-i-istocna-srbija\/#breadcrumb","itemListElement":[{"@type":"ListItem","position":1,"name":"Po\u010detna","item":"http:\/\/takmicarigeneracije.gov.rs\/sr-latn\/"},{"@type":"ListItem","position":2,"name":"Regioni","item":"http:\/\/takmicarigeneracije.gov.rs\/sr-latn\/regioni\/"},{"@type":"ListItem","position":3,"name":"Ju\u017ena i isto\u010dna Srbija"}]},{"@type":"WebSite","@id":"http:\/\/takmicarigeneracije.gov.rs\/sr-latn\/#website","url":"http:\/\/takmicarigeneracije.gov.rs\/sr-latn\/","name":"\u0422\u0430\u043a\u043c\u0438\u0447\u0430\u0440\u0438 \u0433\u0435\u043d\u0435\u0440\u0430\u0446\u0438\u0458\u0435","description":"\u041e\u0432\u0434\u0435 \u0441\u043c\u043e \u0434\u0430 \u043f\u043e\u0434\u0440\u0436\u0438\u043c\u043e \u0443\u0441\u043f\u0435\u0445\u0435.","publisher":{"@id":"http:\/\/takmicarigeneracije.gov.rs\/sr-latn\/#organization"},"alternateName":"\u0422\u0430\u043a\u043c\u0438\u0447\u0430\u0440\u0438 \u0433\u0435\u043d\u0435\u0440\u0430\u0446\u0438\u0458\u0435","potentialAction":[{"@type":"SearchAction","target":{"@type":"EntryPoint","urlTemplate":"http:\/\/takmicarigeneracije.gov.rs\/sr-latn\/?s={search_term_string}"},"query-input":{"@type":"PropertyValueSpecification","valueRequired":true,"valueName":"search_term_string"}}],"inLanguage":"lat"},{"@type":"Organization","@id":"http:\/\/takmicarigeneracije.gov.rs\/sr-latn\/#organization","name":"Takmi\u010dari generacije","alternateName":"\u0422\u0430\u043a\u043c\u0438\u0447\u0430\u0440\u0438 \u0433\u0435\u043d\u0435\u0440\u0430\u0446\u0438\u0458\u0435","url":"http:\/\/takmicarigeneracije.gov.rs\/sr-latn\/","logo":{"@type":"ImageObject","inLanguage":"lat","@id":"http:\/\/takmicarigeneracije.gov.rs\/sr-latn\/#\/schema\/logo\/image\/","url":"http:\/\/takmicarigeneracije.gov.rs\/wp-content\/uploads\/2023\/11\/generacije-logo.svg","contentUrl":"http:\/\/takmicarigeneracije.gov.rs\/wp-content\/uploads\/2023\/11\/generacije-logo.svg","width":169,"height":34,"caption":"Takmi\u010dari generacije"},"image":{"@id":"http:\/\/takmicarigeneracije.gov.rs\/sr-latn\/#\/schema\/logo\/image\/"}}]}},"_links":{"self":[{"href":"http:\/\/takmicarigeneracije.gov.rs\/sr-latn\/wp-json\/wp\/v2\/pages\/1966","targetHints":{"allow":["GET"]}}],"collection":[{"href":"http:\/\/takmicarigeneracije.gov.rs\/sr-latn\/wp-json\/wp\/v2\/pages"}],"about":[{"href":"http:\/\/takmicarigeneracije.gov.rs\/sr-latn\/wp-json\/wp\/v2\/types\/page"}],"author":[{"embeddable":true,"href":"http:\/\/takmicarigeneracije.gov.rs\/sr-latn\/wp-json\/wp\/v2\/users\/1"}],"replies":[{"embeddable":true,"href":"http:\/\/takmicarigeneracije.gov.rs\/sr-latn\/wp-json\/wp\/v2\/comments?post=1966"}],"version-history":[{"count":0,"href":"http:\/\/takmicarigeneracije.gov.rs\/sr-latn\/wp-json\/wp\/v2\/pages\/1966\/revisions"}],"up":[{"embeddable":true,"href":"http:\/\/takmicarigeneracije.gov.rs\/sr-latn\/wp-json\/wp\/v2\/pages\/2173"}],"wp:attachment":[{"href":"http:\/\/takmicarigeneracije.gov.rs\/sr-latn\/wp-json\/wp\/v2\/media?parent=1966"}],"curies":[{"name":"wp","href":"https:\/\/api.w.org\/{rel}","templated":true}]}}