{"id":4797,"date":"2023-06-17T12:12:02","date_gmt":"2023-06-17T12:12:02","guid":{"rendered":"http:\/\/takmicari-gen.codeit-dev.com\/?page_id=4797"},"modified":"2023-11-13T15:20:42","modified_gmt":"2023-11-13T14:20:42","slug":"srpski-sistem-regularna-odeljenja-ab","status":"publish","type":"page","link":"http:\/\/takmicarigeneracije.gov.rs\/sr-latn\/izuzetni\/srpski-sistem-regularna-odeljenja-ab\/","title":{"rendered":"Srpski sistem &#8211; regularna odeljenja (A,B)"},"content":{"rendered":"\t\t<div data-elementor-type=\"wp-page\" data-elementor-id=\"4797\" class=\"elementor elementor-4797\" data-elementor-post-type=\"page\">\n\t\t\t\t\t\t<section class=\"elementor-section elementor-top-section elementor-element elementor-element-4d4ba543 elementor-section-full_width elementor-section-height-default elementor-section-height-default\" data-id=\"4d4ba543\" data-element_type=\"section\" id=\"home\">\n\t\t\t\t\t\t<div class=\"elementor-container elementor-column-gap-no\">\n\t\t\t\t\t<div class=\"elementor-column elementor-col-100 elementor-top-column elementor-element elementor-element-4e3e78d6\" data-id=\"4e3e78d6\" data-element_type=\"column\">\n\t\t\t<div class=\"elementor-widget-wrap\">\n\t\t\t\t\t\t\t<\/div>\n\t\t<\/div>\n\t\t\t\t\t<\/div>\n\t\t<\/section>\n\t\t\t\t<section class=\"elementor-section elementor-top-section elementor-element elementor-element-3b64b22d elementor-section-full_width elementor-section-height-default elementor-section-height-default\" data-id=\"3b64b22d\" data-element_type=\"section\">\n\t\t\t\t\t\t<div class=\"elementor-container elementor-column-gap-no\">\n\t\t\t\t\t<div class=\"elementor-column elementor-col-100 elementor-top-column elementor-element elementor-element-2cd619a5\" data-id=\"2cd619a5\" data-element_type=\"column\">\n\t\t\t<div class=\"elementor-widget-wrap elementor-element-populated\">\n\t\t\t\t\t\t<div class=\"elementor-element elementor-element-2c9339c7 elementor-widget elementor-widget-counter\" data-id=\"2c9339c7\" data-element_type=\"widget\" data-widget_type=\"counter.default\">\n\t\t\t\t<div class=\"elementor-widget-container\">\n\t\t\t\t\t\t\t<div class=\"elementor-counter\">\n\t\t\t<div class=\"elementor-counter-title\">Cool Number<\/div>\t\t\t<div class=\"elementor-counter-number-wrapper\">\n\t\t\t\t<span class=\"elementor-counter-number-prefix\"><\/span>\n\t\t\t\t<span class=\"elementor-counter-number\" data-duration=\"2000\" data-to-value=\"100\" data-from-value=\"0\" data-delimiter=\",\">0<\/span>\n\t\t\t\t<span class=\"elementor-counter-number-suffix\"><\/span>\n\t\t\t<\/div>\n\t\t<\/div>\n\t\t\t\t\t\t<\/div>\n\t\t\t\t<\/div>\n\t\t\t\t\t<\/div>\n\t\t<\/div>\n\t\t\t\t\t<\/div>\n\t\t<\/section>\n\t\t\t\t<section class=\"elementor-section elementor-top-section elementor-element elementor-element-6e4d082 elementor-section-boxed elementor-section-height-default elementor-section-height-default\" data-id=\"6e4d082\" data-element_type=\"section\">\n\t\t\t\t\t\t<div class=\"elementor-container elementor-column-gap-default\">\n\t\t\t\t\t<div class=\"elementor-column elementor-col-100 elementor-top-column elementor-element elementor-element-f6774cb\" data-id=\"f6774cb\" data-element_type=\"column\">\n\t\t\t<div class=\"elementor-widget-wrap elementor-element-populated\">\n\t\t\t\t\t\t<div class=\"elementor-element elementor-element-eb592a1 elementor-widget elementor-widget-heading\" data-id=\"eb592a1\" data-element_type=\"widget\" data-widget_type=\"heading.default\">\n\t\t\t\t<div class=\"elementor-widget-container\">\n\t\t\t\t\t<h2 class=\"elementor-heading-title elementor-size-default\"><span style=\"font-family: var( --e-global-typography-primary-font-family ), Sans-serif;font-size: 2rem;font-weight: var( --e-global-typography-primary-font-weight )\">Regularna odeljenja - <\/span><br><span style=\"font-family: var( --e-global-typography-primary-font-family ), Sans-serif;font-size: 2rem;font-weight: var( --e-global-typography-primary-font-weight )\">7. i 8. razred <\/span><span style=\"font-family: var( --e-global-typography-primary-font-family ), Sans-serif;font-size: 2rem;font-weight: var( --e-global-typography-primary-font-weight )\">u okviru obi\u010dnih osnovnih \u0161kola<\/span><\/h2>\t\t\t\t<\/div>\n\t\t\t\t<\/div>\n\t\t\t\t\t<\/div>\n\t\t<\/div>\n\t\t\t\t\t<\/div>\n\t\t<\/section>\n\t\t\t\t<section class=\"elementor-section elementor-top-section elementor-element elementor-element-4787685 elementor-section-boxed elementor-section-height-default elementor-section-height-default\" data-id=\"4787685\" data-element_type=\"section\">\n\t\t\t\t\t\t<div class=\"elementor-container elementor-column-gap-default\">\n\t\t\t\t\t<div class=\"elementor-column elementor-col-100 elementor-top-column elementor-element elementor-element-840399a\" data-id=\"840399a\" data-element_type=\"column\">\n\t\t\t<div class=\"elementor-widget-wrap elementor-element-populated\">\n\t\t\t\t\t\t<div class=\"elementor-element elementor-element-fa6fb37 elementor-widget elementor-widget-text-editor\" data-id=\"fa6fb37\" data-element_type=\"widget\" data-widget_type=\"text-editor.default\">\n\t\t\t\t<div class=\"elementor-widget-container\">\n\t\t\t\t\t\t\t\t\t<h4 style=\"text-align: center;\">Ve\u0107ina u\u010denika (99,8%) u\u010de u obi\u010dnim regularnim osnovnim \u0161kolama<br>&nbsp;po jedinstvenom programu i u odeljenju koje se ne menja 8 godina.<\/h4>\n<p><\/p>\n<h4 style=\"letter-spacing: normal; text-align: center;\">&nbsp;U Srbiji ne postoji<span style=\"font-size: 1.5rem;\">&nbsp;ponovno pregrupisavanje u\u010denika<br>&nbsp;po uspe\u0161nosti posle 6-og razreda.<br>Ne postoji model A-B programa,<br><\/span>niti model rang liste u okviru mati\u010dne osnovne \u0161kole.<\/h4><div><h4 style=\"letter-spacing: normal; text-align: center;\">*** Dopune i ispravke do ponedeljka 26. juna do 12:00<\/h4><\/div>\t\t\t\t\t\t\t\t<\/div>\n\t\t\t\t<\/div>\n\t\t\t\t\t<\/div>\n\t\t<\/div>\n\t\t\t\t\t<\/div>\n\t\t<\/section>\n\t\t\t\t<section class=\"elementor-section elementor-top-section elementor-element elementor-element-4c5dc50 elementor-section-boxed elementor-section-height-default elementor-section-height-default\" data-id=\"4c5dc50\" data-element_type=\"section\">\n\t\t\t\t\t\t<div class=\"elementor-container elementor-column-gap-default\">\n\t\t\t\t\t<div class=\"elementor-column elementor-col-100 elementor-top-column elementor-element elementor-element-caedb83\" data-id=\"caedb83\" data-element_type=\"column\">\n\t\t\t<div class=\"elementor-widget-wrap elementor-element-populated\">\n\t\t\t\t\t\t<div class=\"elementor-element elementor-element-e671879 elementor-widget elementor-widget-text-editor\" data-id=\"e671879\" data-element_type=\"widget\" data-widget_type=\"text-editor.default\">\n\t\t\t\t<div class=\"elementor-widget-container\">\n\t\t\t\t\t\t\t\t\t<h4 style=\"text-align: center;\"><span style=\"color: #003366;\">Zlatne dekoracije (1-9)<\/span><\/h4>\t\t\t\t\t\t\t\t<\/div>\n\t\t\t\t<\/div>\n\t\t\t\t\t<\/div>\n\t\t<\/div>\n\t\t\t\t\t<\/div>\n\t\t<\/section>\n\t\t\t\t<section class=\"elementor-section elementor-top-section elementor-element elementor-element-b8aae34 elementor-section-boxed elementor-section-height-default elementor-section-height-default\" data-id=\"b8aae34\" data-element_type=\"section\">\n\t\t\t\t\t\t<div class=\"elementor-container elementor-column-gap-default\">\n\t\t\t\t\t<div class=\"elementor-column elementor-col-100 elementor-top-column elementor-element elementor-element-23a4448\" data-id=\"23a4448\" data-element_type=\"column\">\n\t\t\t<div class=\"elementor-widget-wrap elementor-element-populated\">\n\t\t\t\t\t\t<div class=\"elementor-element elementor-element-4127111 elementor-widget elementor-widget-shortcode\" data-id=\"4127111\" data-element_type=\"widget\" data-widget_type=\"shortcode.default\">\n\t\t\t\t<div class=\"elementor-widget-container\">\n\t\t\t\t\t\t\t<div class=\"elementor-shortcode\">\n<div id=\"tablepress-41-scroll-wrapper\" class=\"tablepress-scroll-wrapper\">\n<table id=\"tablepress-41\" class=\"tablepress tablepress-id-41 tablepress-responsive\">\n<thead>\n<tr class=\"row-1\">\n\t<th class=\"column-1\">Ime i prezime<\/th><th class=\"column-2\">Osnovna \u0161kola<\/th><th class=\"column-3\">Op\u0161tina<\/th><th class=\"column-4\">Odeljenje<\/th><th class=\"column-5\">Region<\/th>\n<\/tr>\n<\/thead>\n<tbody class=\"row-striping row-hover\">\n<tr class=\"row-2\">\n\t<td class=\"column-1\"><a href=\"http:\/\/takmicarigeneracije.gov.rs\/gen-2008\/stefan-varga\">Stefan Varga<\/a><\/td><td class=\"column-2\">\"Sveti Sava\"\t<\/td><td class=\"column-3\">Kikinda\t<\/td><td class=\"column-4\"><a href=\"http:\/\/takmicarigeneracije.gov.rs\/izuzetni\/zlatno-odeljenje\/\">zlatno odeljenje<\/a><\/td><td class=\"column-5\"><a href=\"http:\/\/takmicarigeneracije.gov.rs\/dekoracije\/regioni\/vojvodina\/\">Vojvodina<\/a><\/td>\n<\/tr>\n<tr class=\"row-3\">\n\t<td class=\"column-1\"><a href=\"http:\/\/takmicarigeneracije.gov.rs\/gen-2008\/iskra-vasiljevic\">Iskra Vasiljevi\u0107<\/a><\/td><td class=\"column-2\">\"IV kraljeva\u010dki bataljon\"<\/td><td class=\"column-3\">Kraljevo<\/td><td class=\"column-4\"><a href=\"http:\/\/takmicarigeneracije.gov.rs\/izuzetni\/zlatno-odeljenje\/\">zlatno odeljenje<\/a><\/td><td class=\"column-5\"><a href=\"http:\/\/takmicarigeneracije.gov.rs\/dekoracije\/regioni\/sumadija-i-zapadna-srbija\/\">\u0160umadija i zapadna Srbija<\/a><\/td>\n<\/tr>\n<tr class=\"row-4\">\n\t<td class=\"column-1\"><a href=\"http:\/\/takmicarigeneracije.gov.rs\/gen-2008\/aleksa-lucic\/\"> Aleksa Lu\u010di\u0107 <\/a><\/td><td class=\"column-2\">\"Petar Lakovi\u0107\"<\/td><td class=\"column-3\">Po\u017eega<\/td><td class=\"column-4\"><a href=\"http:\/\/takmicarigeneracije.gov.rs\/izuzetni\/zlatno-odeljenje\/\">zlatno odeljenje<\/a><\/td><td class=\"column-5\"><a href=\"http:\/\/takmicarigeneracije.gov.rs\/dekoracije\/regioni\/sumadija-i-zapadna-srbija\/\">\u0160umadija i zapadna Srbija<\/a><\/td>\n<\/tr>\n<tr class=\"row-5\">\n\t<td class=\"column-1\"><a href=\"http:\/\/takmicarigeneracije.gov.rs\/gen-2008\/veljko-milojevic\/\"> Veljko Milojevi\u0107 <\/a><\/td><td class=\"column-2\">\"Vuk Karad\u017ei\u0107\" <\/td><td class=\"column-3\">Kru\u0161evac<\/td><td class=\"column-4\"><a href=\"http:\/\/takmicarigeneracije.gov.rs\/izuzetni\/zlatno-odeljenje\/\">zlatno odeljenje<\/a><\/td><td class=\"column-5\"><a href=\"http:\/\/takmicarigeneracije.gov.rs\/dekoracije\/regioni\/sumadija-i-zapadna-srbija\/\">\u0160umadija i zapadna Srbija<\/a><\/td>\n<\/tr>\n<tr class=\"row-6\">\n\t<td class=\"column-1\"><a href=\"http:\/\/takmicarigeneracije.gov.rs\/gen-2008\/sandra-dulcic\/\"> Sandra \u0110ul\u010di\u0107 <\/a><\/td><td class=\"column-2\">\"Veljko Dugo\u0161evi\u0107\"<\/td><td class=\"column-3\">Zvezdara<\/td><td class=\"column-4\"><a href=\"http:\/\/takmicarigeneracije.gov.rs\/izuzetni\/zlatno-odeljenje\/\">zlatno odeljenje<\/a><\/td><td class=\"column-5\">Grad Beograd<\/td>\n<\/tr>\n<tr class=\"row-7\">\n\t<td class=\"column-1\"><a href=\"http:\/\/takmicarigeneracije.gov.rs\/gen-2008\/vanja-mijatovic\">Vanja Mijatovi\u0107<\/a><\/td><td class=\"column-2\">\"Veljko Dugo\u0161evi\u0107\"<\/td><td class=\"column-3\">Zvezdara<\/td><td class=\"column-4\"><a href=\"http:\/\/takmicarigeneracije.gov.rs\/izuzetni\/zlatno-odeljenje\/\">zlatno odeljenje<\/a><\/td><td class=\"column-5\">Grad Beograd<\/td>\n<\/tr>\n<tr class=\"row-8\">\n\t<td class=\"column-1\"><a href=\"http:\/\/takmicarigeneracije.gov.rs\/gen-2008\/milos-verbic\">Milo\u0161 Verbi\u0107<\/a><\/td><td class=\"column-2\">\"Stevan Duki\u0107\"<\/td><td class=\"column-3\">Palilula<\/td><td class=\"column-4\"><a href=\"http:\/\/takmicarigeneracije.gov.rs\/izuzetni\/zlatno-odeljenje\/\">zlatno odeljenje<\/a><\/td><td class=\"column-5\">Grad Beograd<\/td>\n<\/tr>\n<tr class=\"row-9\">\n\t<td class=\"column-1\"><a href=\"http:\/\/takmicarigeneracije.gov.rs\/gen-2008\/pavle-ignjatovic\/\"> Pavle Ignjatovi\u0107 <\/a><\/td><td class=\"column-2\">\"Stevan Duki\u0107\"<\/td><td class=\"column-3\">Palilula<\/td><td class=\"column-4\"><a href=\"http:\/\/takmicarigeneracije.gov.rs\/izuzetni\/srebrno-odeljenje\/\">srebrno odeljenje <\/a><\/td><td class=\"column-5\">Grad Beograd<\/td>\n<\/tr>\n<tr class=\"row-10\">\n\t<td class=\"column-1\"><a href=\"http:\/\/takmicarigeneracije.gov.rs\/gen-2008\/ljubica-Micic\">Ljubica Mi\u0107i\u0107<\/a><\/td><td class=\"column-2\">\"Ivan Gunduli\u0107\"<\/td><td class=\"column-3\">Novi Beograd<\/td><td class=\"column-4\"><a href=\"http:\/\/takmicarigeneracije.gov.rs\/izuzetni\/zlatno-odeljenje\/\">zlatno odeljenje<\/a><\/td><td class=\"column-5\">Grad Beograd<\/td>\n<\/tr>\n<tr class=\"row-11\">\n\t<td class=\"column-1\"><\/td><td class=\"column-2\"><\/td><td class=\"column-3\"><\/td><td class=\"column-4\"><\/td><td class=\"column-5\"><\/td>\n<\/tr>\n<\/tbody>\n<\/table>\n<\/div>\n<!-- #tablepress-41 from cache --><\/div>\n\t\t\t\t\t\t<\/div>\n\t\t\t\t<\/div>\n\t\t\t\t\t<\/div>\n\t\t<\/div>\n\t\t\t\t\t<\/div>\n\t\t<\/section>\n\t\t\t\t<section class=\"elementor-section elementor-top-section elementor-element elementor-element-c0395aa elementor-section-boxed elementor-section-height-default elementor-section-height-default\" data-id=\"c0395aa\" data-element_type=\"section\">\n\t\t\t\t\t\t<div class=\"elementor-container elementor-column-gap-default\">\n\t\t\t\t\t<div class=\"elementor-column elementor-col-100 elementor-top-column elementor-element elementor-element-a89a23c\" data-id=\"a89a23c\" data-element_type=\"column\">\n\t\t\t<div class=\"elementor-widget-wrap elementor-element-populated\">\n\t\t\t\t\t\t<div class=\"elementor-element elementor-element-de8802f elementor-widget elementor-widget-text-editor\" data-id=\"de8802f\" data-element_type=\"widget\" data-widget_type=\"text-editor.default\">\n\t\t\t\t<div class=\"elementor-widget-container\">\n\t\t\t\t\t\t\t\t\t<h4 style=\"text-align: center;\"><span style=\"color: #003366;\">Srebrne dekoracije (10-29)<\/span><\/h4>\t\t\t\t\t\t\t\t<\/div>\n\t\t\t\t<\/div>\n\t\t\t\t\t<\/div>\n\t\t<\/div>\n\t\t\t\t\t<\/div>\n\t\t<\/section>\n\t\t\t\t<section class=\"elementor-section elementor-top-section elementor-element elementor-element-2c5937a elementor-section-boxed elementor-section-height-default elementor-section-height-default\" data-id=\"2c5937a\" data-element_type=\"section\">\n\t\t\t\t\t\t<div class=\"elementor-container elementor-column-gap-default\">\n\t\t\t\t\t<div class=\"elementor-column elementor-col-100 elementor-top-column elementor-element elementor-element-bfcd132\" data-id=\"bfcd132\" data-element_type=\"column\">\n\t\t\t<div class=\"elementor-widget-wrap elementor-element-populated\">\n\t\t\t\t\t\t<div class=\"elementor-element elementor-element-2e8d53c elementor-widget elementor-widget-shortcode\" data-id=\"2e8d53c\" data-element_type=\"widget\" data-widget_type=\"shortcode.default\">\n\t\t\t\t<div class=\"elementor-widget-container\">\n\t\t\t\t\t\t\t<div class=\"elementor-shortcode\">\n<div id=\"tablepress-42-scroll-wrapper\" class=\"tablepress-scroll-wrapper\">\n<table id=\"tablepress-42\" class=\"tablepress tablepress-id-42 tablepress-responsive\">\n<thead>\n<tr class=\"row-1\">\n\t<th class=\"column-1\">Ime i prezime<\/th><th class=\"column-2\">Osnovna \u0161kola<\/th><th class=\"column-3\">Op\u0161tina<\/th><th class=\"column-4\"><\/th><th class=\"column-5\">Region<\/th>\n<\/tr>\n<\/thead>\n<tbody class=\"row-striping row-hover\">\n<tr class=\"row-2\">\n\t<td class=\"column-1\"><a href=\"http:\/\/takmicarigeneracije.gov.rs\/gen-2008\/natalija-avdalovic\/\"> Natalija Avdalovi\u0107 <\/a><\/td><td class=\"column-2\">Kralj Aleksandar I<\/td><td class=\"column-3\">Po\u017earevac<\/td><td class=\"column-4\"><a href=\"http:\/\/takmicarigeneracije.gov.rs\/izuzetni\/zlatno-odeljenje\/\">zlatno odeljenje<\/a><\/td><td class=\"column-5\"><a href=\"http:\/\/takmicarigeneracije.gov.rs\/dekoracije\/regioni\/juzna-i-istocna-srbija\/\">Ju\u017ena i isto\u010dna Srbija<\/a><\/td>\n<\/tr>\n<tr class=\"row-3\">\n\t<td class=\"column-1\"><a href=\"http:\/\/takmicarigeneracije.gov.rs\/gen-2008\/andjelija-baltic\/\"> An\u0111elija  Balti\u0107 <\/a><\/td><td class=\"column-2\">Dositej Obradovi\u0107<\/td><td class=\"column-3\">Kru\u0161evac<\/td><td class=\"column-4\"><a href=\"http:\/\/takmicarigeneracije.gov.rs\/izuzetni\/zlatno-odeljenje\/\">zlatno odeljenje<\/a><\/td><td class=\"column-5\"><a href=\"http:\/\/takmicarigeneracije.gov.rs\/dekoracije\/regioni\/sumadija-i-zapadna-srbija\/\">\u0160umadija i zapadna Srbija<\/a><\/td>\n<\/tr>\n<tr class=\"row-4\">\n\t<td class=\"column-1\"><a href=\"http:\/\/takmicarigeneracije.gov.rs\/gen-2008\/jovana-hadzi-puric\/\"> Jovana Had\u017ei Puri\u0107 <\/a><\/td><td class=\"column-2\">Branko Radi\u010devi\u0107<\/td><td class=\"column-3\">Zemun<\/td><td class=\"column-4\"><a href=\"http:\/\/takmicarigeneracije.gov.rs\/izuzetni\/zlatno-odeljenje\/\">zlatno odeljenje<\/a><\/td><td class=\"column-5\">Grad Beograd<\/td>\n<\/tr>\n<tr class=\"row-5\">\n\t<td class=\"column-1\"><a href=\"http:\/\/takmicarigeneracije.gov.rs\/gen-2008\/sofija-latas\/\"> Sofija Latas <\/a><\/td><td class=\"column-2\">Kneginja Milica<\/td><td class=\"column-3\">Novi Beograd<\/td><td class=\"column-4\"><a href=\"http:\/\/takmicarigeneracije.gov.rs\/izuzetni\/zlatno-odeljenje\/\">zlatno odeljenje<\/a><\/td><td class=\"column-5\">Grad Beograd<\/td>\n<\/tr>\n<tr class=\"row-6\">\n\t<td class=\"column-1\"><a href=\"http:\/\/takmicarigeneracije.gov.rs\/gen-2008\/aleksa-stevcic\/\"> Aleksa Stev\u010di\u0107 <\/a><\/td><td class=\"column-2\">Kole Ra\u0161i\u0107<\/td><td class=\"column-3\">Ni\u0161<\/td><td class=\"column-4\"><a href=\"http:\/\/takmicarigeneracije.gov.rs\/izuzetni\/srebrno-odeljenje\/\">srebrno odeljenje <\/a><\/td><td class=\"column-5\"><a href=\"http:\/\/takmicarigeneracije.gov.rs\/dekoracije\/regioni\/juzna-i-istocna-srbija\/\">Ju\u017ena i isto\u010dna Srbija<\/a><\/td>\n<\/tr>\n<tr class=\"row-7\">\n\t<td class=\"column-1\"><a href=\"http:\/\/takmicarigeneracije.gov.rs\/gen-2008\/filip-konecni\/\"> Filip Kone\u010dni <\/a><\/td><td class=\"column-2\">Jovan Miodragovi\u0107<\/td><td class=\"column-3\">Vra\u010dar<\/td><td class=\"column-4\"><a href=\"http:\/\/takmicarigeneracije.gov.rs\/izuzetni\/srebrno-odeljenje\/\">srebrno odeljenje <\/a><\/td><td class=\"column-5\">Grad Beograd<\/td>\n<\/tr>\n<tr class=\"row-8\">\n\t<td class=\"column-1\"><a href=\"http:\/\/takmicarigeneracije.gov.rs\/gen-2008\/stefan-sekulic-derdovski\/\"> Stefan Sekuli\u0107 Derdovski <\/a><\/td><td class=\"column-2\">Du\u0161ko Radovi\u0107<\/td><td class=\"column-3\">Novi Beograd<\/td><td class=\"column-4\"><a href=\"http:\/\/takmicarigeneracije.gov.rs\/izuzetni\/srebrno-odeljenje\/\">srebrno odeljenje <\/a><\/td><td class=\"column-5\">Grad Beograd<\/td>\n<\/tr>\n<tr class=\"row-9\">\n\t<td class=\"column-1\"><a href=\"http:\/\/takmicarigeneracije.gov.rs\/gen-2008\/mateja-srejic\/\"> Mateja Sreji\u0107 <\/a><\/td><td class=\"column-2\">Sonja Marinkovi\u0107<\/td><td class=\"column-3\">Subotica<\/td><td class=\"column-4\"><a href=\"http:\/\/takmicarigeneracije.gov.rs\/izuzetni\/srebrno-odeljenje\/\">srebrno odeljenje <\/a><\/td><td class=\"column-5\"><a href=\"http:\/\/takmicarigeneracije.gov.rs\/dekoracije\/regioni\/vojvodina\/\">Vojvodina<\/a><\/td>\n<\/tr>\n<tr class=\"row-10\">\n\t<td class=\"column-1\"><a href=\"http:\/\/takmicarigeneracije.gov.rs\/gen-2008\/elena-cuk\/\"> Elena \u0106uk <\/a><\/td><td class=\"column-2\">\"Petefi \u0160andor\"\t<\/td><td class=\"column-3\">Be\u010dej<\/td><td class=\"column-4\"><a href=\"http:\/\/takmicarigeneracije.gov.rs\/izuzetni\/srebrno-odeljenje\/\">srebrno odeljenje <\/a><\/td><td class=\"column-5\"><a href=\"http:\/\/takmicarigeneracije.gov.rs\/dekoracije\/regioni\/vojvodina\/\">Vojvodina<\/a><\/td>\n<\/tr>\n<tr class=\"row-11\">\n\t<td class=\"column-1\"><a href=\"http:\/\/takmicarigeneracije.gov.rs\/gen-2008\/sava-urosevic\/\"> Sava Uro\u0161evi\u0107 <\/a><\/td><td class=\"column-2\">Dositej Obradovi\u0107<\/td><td class=\"column-3\">Smederevo\t<\/td><td class=\"column-4\"><a href=\"http:\/\/takmicarigeneracije.gov.rs\/izuzetni\/brozano-odeljenje\/\">bronzano odeljenje <\/a><\/td><td class=\"column-5\"><a href=\"http:\/\/takmicarigeneracije.gov.rs\/dekoracije\/regioni\/juzna-i-istocna-srbija\/\">Ju\u017ena i isto\u010dna Srbija<\/a><\/td>\n<\/tr>\n<tr class=\"row-12\">\n\t<td class=\"column-1\"><a href=\"http:\/\/takmicarigeneracije.gov.rs\/gen-2008\/milutin-pilipovic\/\"> Milutin Pilipovi\u0107 <\/a><\/td><td class=\"column-2\">Janko Veselinovi\u0107<\/td><td class=\"column-3\">\u0160abac<\/td><td class=\"column-4\"><a href=\"http:\/\/takmicarigeneracije.gov.rs\/izuzetni\/brozano-odeljenje\/\">bronzano odeljenje <\/a><\/td><td class=\"column-5\"><a href=\"http:\/\/takmicarigeneracije.gov.rs\/dekoracije\/regioni\/sumadija-i-zapadna-srbija\/\">\u0160umadija i zapadna Srbija<\/a><\/td>\n<\/tr>\n<tr class=\"row-13\">\n\t<td class=\"column-1\"><a href=\"http:\/\/takmicarigeneracije.gov.rs\/gen-2008\/nikola-kaplarevic\/\"> Nikola Kaplarevi\u0107 <\/a><\/td><td class=\"column-2\">\u201eSveti Sava\u201d<\/td><td class=\"column-3\">\u010ca\u010dak<\/td><td class=\"column-4\"><a href=\"http:\/\/takmicarigeneracije.gov.rs\/izuzetni\/brozano-odeljenje\/\">bronzano odeljenje <\/a><\/td><td class=\"column-5\"><a href=\"http:\/\/takmicarigeneracije.gov.rs\/dekoracije\/regioni\/sumadija-i-zapadna-srbija\/\">\u0160umadija i zapadna Srbija<\/a><\/td>\n<\/tr>\n<tr class=\"row-14\">\n\t<td class=\"column-1\"><a href=\"http:\/\/takmicarigeneracije.gov.rs\/gen-2008\/veljko-marinkovic\/\"> Veljko Marinkovi\u0107 <\/a><\/td><td class=\"column-2\">\"Du\u0161an Jerkovi\u0107\"\t<\/td><td class=\"column-3\">U\u017eice<\/td><td class=\"column-4\"><a href=\"http:\/\/takmicarigeneracije.gov.rs\/izuzetni\/brozano-odeljenje\/\">bronzano odeljenje <\/a><\/td><td class=\"column-5\"><a href=\"http:\/\/takmicarigeneracije.gov.rs\/dekoracije\/regioni\/sumadija-i-zapadna-srbija\/\">\u0160umadija i zapadna Srbija<\/a><\/td>\n<\/tr>\n<tr class=\"row-15\">\n\t<td class=\"column-1\"><a href=\"http:\/\/takmicarigeneracije.gov.rs\/gen-2008\/marta-todorovic\/\"> Marta Todorovi\u0107 <\/a><\/td><td class=\"column-2\">\"Prva osnovna \u0161kola kralja Petra II\t\"<\/td><td class=\"column-3\">U\u017eice<\/td><td class=\"column-4\"><a href=\"http:\/\/takmicarigeneracije.gov.rs\/izuzetni\/srebrno-odeljenje\/\">srebrno odeljenje <\/a><\/td><td class=\"column-5\"><a href=\"http:\/\/takmicarigeneracije.gov.rs\/dekoracije\/regioni\/sumadija-i-zapadna-srbija\/\">\u0160umadija i zapadna Srbija<\/a><\/td>\n<\/tr>\n<tr class=\"row-16\">\n\t<td class=\"column-1\"><a href=\"http:\/\/takmicarigeneracije.gov.rs\/gen-2008\/ognjen-milanov\/\"> Ognjen Milanov <\/a><\/td><td class=\"column-2\">8. septembar<\/td><td class=\"column-3\">Pirot<\/td><td class=\"column-4\"><a href=\"http:\/\/takmicarigeneracije.gov.rs\/izuzetni\/brozano-odeljenje\/\">bronzano odeljenje <\/a><\/td><td class=\"column-5\"><a href=\"http:\/\/takmicarigeneracije.gov.rs\/dekoracije\/regioni\/juzna-i-istocna-srbija\/\">Ju\u017ena i isto\u010dna Srbija<\/a><\/td>\n<\/tr>\n<tr class=\"row-17\">\n\t<td class=\"column-1\"><a href=\"http:\/\/takmicarigeneracije.gov.rs\/gen-2008\/petar-hrnjic\/\"> Petar Hrnji\u0107 <\/a><\/td><td class=\"column-2\">Milo\u0161 Crnjanski<\/td><td class=\"column-3\">\u010cukarica<\/td><td class=\"column-4\"><a href=\"http:\/\/takmicarigeneracije.gov.rs\/izuzetni\/brozano-odeljenje\/\">bronzano odeljenje <\/a><\/td><td class=\"column-5\">Grad Beograd<\/td>\n<\/tr>\n<tr class=\"row-18\">\n\t<td class=\"column-1\"><a href=\"http:\/\/takmicarigeneracije.gov.rs\/gen-2008\/andjela-gavrilovic\/\"> An\u0111ela Gavrilovi\u0107 <\/a><\/td><td class=\"column-2\">\u201eVasa \u010carapi\u0107\u201d<\/td><td class=\"column-3\">Vo\u017edovac<\/td><td class=\"column-4\"><a href=\"http:\/\/takmicarigeneracije.gov.rs\/izuzetni\/srebrno-odeljenje\/\">srebrno odeljenje <\/a><\/td><td class=\"column-5\">Grad Beograd<\/td>\n<\/tr>\n<tr class=\"row-19\">\n\t<td class=\"column-1\"><a href=\"http:\/\/takmicarigeneracije.gov.rs\/gen-2008\/vukasin-kerezovic\/\"> Vuka\u0161in Kerezovi\u0107 <\/a><\/td><td class=\"column-2\">Jovan Popovi\u0107<\/td><td class=\"column-3\">Novi Sad<\/td><td class=\"column-4\"><a href=\"http:\/\/takmicarigeneracije.gov.rs\/izuzetni\/brozano-odeljenje\/\">bronzano odeljenje <\/a><\/td><td class=\"column-5\"><a href=\"http:\/\/takmicarigeneracije.gov.rs\/dekoracije\/regioni\/vojvodina\/\">Vojvodina<\/a><\/td>\n<\/tr>\n<tr class=\"row-20\">\n\t<td class=\"column-1\"><a href=\"http:\/\/takmicarigeneracije.gov.rs\/gen-2008\/snezana-sevo\/\"> Sne\u017eana \u0160evo <\/a><\/td><td class=\"column-2\">Filip Vi\u0161nji\u0107<\/td><td class=\"column-3\">Palilula<\/td><td class=\"column-4\"><a href=\"http:\/\/takmicarigeneracije.gov.rs\/izuzetni\/srebrno-odeljenje\/\">srebrno odeljenje <\/a><\/td><td class=\"column-5\">Grad Beograd<\/td>\n<\/tr>\n<tr class=\"row-21\">\n\t<td class=\"column-1\"><a href=\"http:\/\/takmicarigeneracije.gov.rs\/gen-2008\/lea-maric\/\"> Lea Mari\u0107 <\/a><\/td><td class=\"column-2\">\u201eIvan Goran Kova\u010di\u0107\u201c<\/td><td class=\"column-3\">Zvezdara<\/td><td class=\"column-4\"><a href=\"http:\/\/takmicarigeneracije.gov.rs\/izuzetni\/srebrno-odeljenje\/\">srebrno odeljenje <\/a><\/td><td class=\"column-5\">Grad Beograd<\/td>\n<\/tr>\n<\/tbody>\n<\/table>\n<\/div>\n<!-- #tablepress-42 from cache --><\/div>\n\t\t\t\t\t\t<\/div>\n\t\t\t\t<\/div>\n\t\t\t\t\t<\/div>\n\t\t<\/div>\n\t\t\t\t\t<\/div>\n\t\t<\/section>\n\t\t\t\t<\/div>\n\t\t","protected":false},"excerpt":{"rendered":"<p>test.generacije.info Info portal koji prepoznaje uspe\u0161nije u\u010denike Svake godine su takmi\u010denja. Poku\u0161aj. Daj sve od sebe. Stipendije i nagrade 1000 dodeljenih nagrada svake godine 10000 pregledanih radova 144 uspe\u0161nijih \u0111aka 500 Internet linkova izvora informacija Regularna odeljenja &#8211; 7. i 8. razred u okviru obi\u010dnih osnovnih \u0161kola Ve\u0107ina u\u010denika (99,8%) u\u010de u obi\u010dnim regularnim osnovnim [&hellip;]<\/p>\n","protected":false},"author":1,"featured_media":0,"parent":1767,"menu_order":4,"comment_status":"closed","ping_status":"closed","template":"page-templates\/home1.php","meta":{"_acf_changed":false,"footnotes":""},"class_list":["post-4797","page","type-page","status-publish","hentry"],"acf":[],"yoast_head":"<!-- This site is optimized with the Yoast SEO plugin v26.4 - https:\/\/yoast.com\/wordpress\/plugins\/seo\/ -->\n<title>Srpski sistem - regularna odeljenja (A,B) &#8226; Takmi\u010dari generacije<\/title>\n<meta name=\"description\" content=\"U cilju identifikacije, pra\u0107enja i podsticanja u\u010denika sa izuzetnim, posebnim sposobnostima napravljena je platforma Takmi\u010dari generacije.\" \/>\n<meta name=\"robots\" content=\"index, follow, max-snippet:-1, max-image-preview:large, max-video-preview:-1\" \/>\n<link rel=\"canonical\" href=\"http:\/\/takmicarigeneracije.gov.rs\/sr-latn\/izuzetni\/srpski-sistem-regularna-odeljenja-ab\/\" \/>\n<meta property=\"og:locale\" content=\"en_US\" \/>\n<meta property=\"og:type\" content=\"article\" \/>\n<meta property=\"og:title\" content=\"Srpski sistem - regularna odeljenja (A,B) &#8226; Takmi\u010dari generacije\" \/>\n<meta property=\"og:description\" content=\"U cilju identifikacije, pra\u0107enja i podsticanja u\u010denika sa izuzetnim, posebnim sposobnostima napravljena je platforma Takmi\u010dari generacije.\" \/>\n<meta property=\"og:url\" content=\"http:\/\/takmicarigeneracije.gov.rs\/sr-latn\/izuzetni\/srpski-sistem-regularna-odeljenja-ab\/\" \/>\n<meta property=\"og:site_name\" content=\"\u0422\u0430\u043a\u043c\u0438\u0447\u0430\u0440\u0438 \u0433\u0435\u043d\u0435\u0440\u0430\u0446\u0438\u0458\u0435\" \/>\n<meta property=\"article:modified_time\" content=\"2023-11-13T14:20:42+00:00\" \/>\n<meta property=\"og:image\" content=\"http:\/\/takmicarigeneracije.gov.rs\/wp-content\/uploads\/2023\/04\/tanda-hero.png\" \/>\n<meta name=\"twitter:card\" content=\"summary_large_image\" \/>\n<meta name=\"twitter:label1\" content=\"Est. reading time\" \/>\n\t<meta name=\"twitter:data1\" content=\"1 minute\" \/>\n<script type=\"application\/ld+json\" class=\"yoast-schema-graph\">{\"@context\":\"https:\/\/schema.org\",\"@graph\":[{\"@type\":\"WebPage\",\"@id\":\"http:\/\/takmicarigeneracije.gov.rs\/sr-latn\/izuzetni\/srpski-sistem-regularna-odeljenja-ab\/\",\"url\":\"http:\/\/takmicarigeneracije.gov.rs\/sr-latn\/izuzetni\/srpski-sistem-regularna-odeljenja-ab\/\",\"name\":\"Srpski sistem - regularna odeljenja (A,B) &#8226; Takmi\u010dari generacije\",\"isPartOf\":{\"@id\":\"http:\/\/takmicarigeneracije.gov.rs\/sr-latn\/#website\"},\"primaryImageOfPage\":{\"@id\":\"http:\/\/takmicarigeneracije.gov.rs\/sr-latn\/izuzetni\/srpski-sistem-regularna-odeljenja-ab\/#primaryimage\"},\"image\":{\"@id\":\"http:\/\/takmicarigeneracije.gov.rs\/sr-latn\/izuzetni\/srpski-sistem-regularna-odeljenja-ab\/#primaryimage\"},\"thumbnailUrl\":\"http:\/\/takmicarigeneracije.gov.rs\/wp-content\/uploads\/2023\/04\/tanda-hero.png\",\"datePublished\":\"2023-06-17T12:12:02+00:00\",\"dateModified\":\"2023-11-13T14:20:42+00:00\",\"description\":\"U cilju identifikacije, pra\u0107enja i podsticanja u\u010denika sa izuzetnim, posebnim sposobnostima napravljena je platforma Takmi\u010dari generacije.\",\"breadcrumb\":{\"@id\":\"http:\/\/takmicarigeneracije.gov.rs\/sr-latn\/izuzetni\/srpski-sistem-regularna-odeljenja-ab\/#breadcrumb\"},\"inLanguage\":\"lat\",\"potentialAction\":[{\"@type\":\"ReadAction\",\"target\":[\"http:\/\/takmicarigeneracije.gov.rs\/sr-latn\/izuzetni\/srpski-sistem-regularna-odeljenja-ab\/\"]}]},{\"@type\":\"ImageObject\",\"inLanguage\":\"lat\",\"@id\":\"http:\/\/takmicarigeneracije.gov.rs\/sr-latn\/izuzetni\/srpski-sistem-regularna-odeljenja-ab\/#primaryimage\",\"url\":\"http:\/\/takmicarigeneracije.gov.rs\/wp-content\/uploads\/2023\/04\/tanda-hero.png\",\"contentUrl\":\"http:\/\/takmicarigeneracije.gov.rs\/wp-content\/uploads\/2023\/04\/tanda-hero.png\"},{\"@type\":\"BreadcrumbList\",\"@id\":\"http:\/\/takmicarigeneracije.gov.rs\/sr-latn\/izuzetni\/srpski-sistem-regularna-odeljenja-ab\/#breadcrumb\",\"itemListElement\":[{\"@type\":\"ListItem\",\"position\":1,\"name\":\"Po\u010detna\",\"item\":\"http:\/\/takmicarigeneracije.gov.rs\/sr-latn\/\"},{\"@type\":\"ListItem\",\"position\":2,\"name\":\"Izuzetni\",\"item\":\"http:\/\/takmicarigeneracije.gov.rs\/sr-latn\/izuzetni\/\"},{\"@type\":\"ListItem\",\"position\":3,\"name\":\"Srpski sistem &#8211; regularna odeljenja (A,B)\"}]},{\"@type\":\"WebSite\",\"@id\":\"http:\/\/takmicarigeneracije.gov.rs\/sr-latn\/#website\",\"url\":\"http:\/\/takmicarigeneracije.gov.rs\/sr-latn\/\",\"name\":\"\u0422\u0430\u043a\u043c\u0438\u0447\u0430\u0440\u0438 \u0433\u0435\u043d\u0435\u0440\u0430\u0446\u0438\u0458\u0435\",\"description\":\"\u041e\u0432\u0434\u0435 \u0441\u043c\u043e \u0434\u0430 \u043f\u043e\u0434\u0440\u0436\u0438\u043c\u043e \u0443\u0441\u043f\u0435\u0445\u0435.\",\"publisher\":{\"@id\":\"http:\/\/takmicarigeneracije.gov.rs\/sr-latn\/#organization\"},\"alternateName\":\"\u0422\u0430\u043a\u043c\u0438\u0447\u0430\u0440\u0438 \u0433\u0435\u043d\u0435\u0440\u0430\u0446\u0438\u0458\u0435\",\"potentialAction\":[{\"@type\":\"SearchAction\",\"target\":{\"@type\":\"EntryPoint\",\"urlTemplate\":\"http:\/\/takmicarigeneracije.gov.rs\/sr-latn\/?s={search_term_string}\"},\"query-input\":{\"@type\":\"PropertyValueSpecification\",\"valueRequired\":true,\"valueName\":\"search_term_string\"}}],\"inLanguage\":\"lat\"},{\"@type\":\"Organization\",\"@id\":\"http:\/\/takmicarigeneracije.gov.rs\/sr-latn\/#organization\",\"name\":\"Takmi\u010dari generacije\",\"alternateName\":\"\u0422\u0430\u043a\u043c\u0438\u0447\u0430\u0440\u0438 \u0433\u0435\u043d\u0435\u0440\u0430\u0446\u0438\u0458\u0435\",\"url\":\"http:\/\/takmicarigeneracije.gov.rs\/sr-latn\/\",\"logo\":{\"@type\":\"ImageObject\",\"inLanguage\":\"lat\",\"@id\":\"http:\/\/takmicarigeneracije.gov.rs\/sr-latn\/#\/schema\/logo\/image\/\",\"url\":\"http:\/\/takmicarigeneracije.gov.rs\/wp-content\/uploads\/2023\/11\/generacije-logo.svg\",\"contentUrl\":\"http:\/\/takmicarigeneracije.gov.rs\/wp-content\/uploads\/2023\/11\/generacije-logo.svg\",\"width\":169,\"height\":34,\"caption\":\"Takmi\u010dari generacije\"},\"image\":{\"@id\":\"http:\/\/takmicarigeneracije.gov.rs\/sr-latn\/#\/schema\/logo\/image\/\"}}]}<\/script>\n<!-- \/ Yoast SEO plugin. -->","yoast_head_json":{"title":"Srpski sistem - regularna odeljenja (A,B) &#8226; Takmi\u010dari generacije","description":"U cilju identifikacije, pra\u0107enja i podsticanja u\u010denika sa izuzetnim, posebnim sposobnostima napravljena je platforma Takmi\u010dari generacije.","robots":{"index":"index","follow":"follow","max-snippet":"max-snippet:-1","max-image-preview":"max-image-preview:large","max-video-preview":"max-video-preview:-1"},"canonical":"http:\/\/takmicarigeneracije.gov.rs\/sr-latn\/izuzetni\/srpski-sistem-regularna-odeljenja-ab\/","og_locale":"en_US","og_type":"article","og_title":"Srpski sistem - regularna odeljenja (A,B) &#8226; Takmi\u010dari generacije","og_description":"U cilju identifikacije, pra\u0107enja i podsticanja u\u010denika sa izuzetnim, posebnim sposobnostima napravljena je platforma Takmi\u010dari generacije.","og_url":"http:\/\/takmicarigeneracije.gov.rs\/sr-latn\/izuzetni\/srpski-sistem-regularna-odeljenja-ab\/","og_site_name":"\u0422\u0430\u043a\u043c\u0438\u0447\u0430\u0440\u0438 \u0433\u0435\u043d\u0435\u0440\u0430\u0446\u0438\u0458\u0435","article_modified_time":"2023-11-13T14:20:42+00:00","og_image":[{"url":"http:\/\/takmicarigeneracije.gov.rs\/wp-content\/uploads\/2023\/04\/tanda-hero.png","type":"","width":"","height":""}],"twitter_card":"summary_large_image","twitter_misc":{"Est. reading time":"1 minute"},"schema":{"@context":"https:\/\/schema.org","@graph":[{"@type":"WebPage","@id":"http:\/\/takmicarigeneracije.gov.rs\/sr-latn\/izuzetni\/srpski-sistem-regularna-odeljenja-ab\/","url":"http:\/\/takmicarigeneracije.gov.rs\/sr-latn\/izuzetni\/srpski-sistem-regularna-odeljenja-ab\/","name":"Srpski sistem - regularna odeljenja (A,B) &#8226; Takmi\u010dari generacije","isPartOf":{"@id":"http:\/\/takmicarigeneracije.gov.rs\/sr-latn\/#website"},"primaryImageOfPage":{"@id":"http:\/\/takmicarigeneracije.gov.rs\/sr-latn\/izuzetni\/srpski-sistem-regularna-odeljenja-ab\/#primaryimage"},"image":{"@id":"http:\/\/takmicarigeneracije.gov.rs\/sr-latn\/izuzetni\/srpski-sistem-regularna-odeljenja-ab\/#primaryimage"},"thumbnailUrl":"http:\/\/takmicarigeneracije.gov.rs\/wp-content\/uploads\/2023\/04\/tanda-hero.png","datePublished":"2023-06-17T12:12:02+00:00","dateModified":"2023-11-13T14:20:42+00:00","description":"U cilju identifikacije, pra\u0107enja i podsticanja u\u010denika sa izuzetnim, posebnim sposobnostima napravljena je platforma Takmi\u010dari generacije.","breadcrumb":{"@id":"http:\/\/takmicarigeneracije.gov.rs\/sr-latn\/izuzetni\/srpski-sistem-regularna-odeljenja-ab\/#breadcrumb"},"inLanguage":"lat","potentialAction":[{"@type":"ReadAction","target":["http:\/\/takmicarigeneracije.gov.rs\/sr-latn\/izuzetni\/srpski-sistem-regularna-odeljenja-ab\/"]}]},{"@type":"ImageObject","inLanguage":"lat","@id":"http:\/\/takmicarigeneracije.gov.rs\/sr-latn\/izuzetni\/srpski-sistem-regularna-odeljenja-ab\/#primaryimage","url":"http:\/\/takmicarigeneracije.gov.rs\/wp-content\/uploads\/2023\/04\/tanda-hero.png","contentUrl":"http:\/\/takmicarigeneracije.gov.rs\/wp-content\/uploads\/2023\/04\/tanda-hero.png"},{"@type":"BreadcrumbList","@id":"http:\/\/takmicarigeneracije.gov.rs\/sr-latn\/izuzetni\/srpski-sistem-regularna-odeljenja-ab\/#breadcrumb","itemListElement":[{"@type":"ListItem","position":1,"name":"Po\u010detna","item":"http:\/\/takmicarigeneracije.gov.rs\/sr-latn\/"},{"@type":"ListItem","position":2,"name":"Izuzetni","item":"http:\/\/takmicarigeneracije.gov.rs\/sr-latn\/izuzetni\/"},{"@type":"ListItem","position":3,"name":"Srpski sistem &#8211; regularna odeljenja (A,B)"}]},{"@type":"WebSite","@id":"http:\/\/takmicarigeneracije.gov.rs\/sr-latn\/#website","url":"http:\/\/takmicarigeneracije.gov.rs\/sr-latn\/","name":"\u0422\u0430\u043a\u043c\u0438\u0447\u0430\u0440\u0438 \u0433\u0435\u043d\u0435\u0440\u0430\u0446\u0438\u0458\u0435","description":"\u041e\u0432\u0434\u0435 \u0441\u043c\u043e \u0434\u0430 \u043f\u043e\u0434\u0440\u0436\u0438\u043c\u043e \u0443\u0441\u043f\u0435\u0445\u0435.","publisher":{"@id":"http:\/\/takmicarigeneracije.gov.rs\/sr-latn\/#organization"},"alternateName":"\u0422\u0430\u043a\u043c\u0438\u0447\u0430\u0440\u0438 \u0433\u0435\u043d\u0435\u0440\u0430\u0446\u0438\u0458\u0435","potentialAction":[{"@type":"SearchAction","target":{"@type":"EntryPoint","urlTemplate":"http:\/\/takmicarigeneracije.gov.rs\/sr-latn\/?s={search_term_string}"},"query-input":{"@type":"PropertyValueSpecification","valueRequired":true,"valueName":"search_term_string"}}],"inLanguage":"lat"},{"@type":"Organization","@id":"http:\/\/takmicarigeneracije.gov.rs\/sr-latn\/#organization","name":"Takmi\u010dari generacije","alternateName":"\u0422\u0430\u043a\u043c\u0438\u0447\u0430\u0440\u0438 \u0433\u0435\u043d\u0435\u0440\u0430\u0446\u0438\u0458\u0435","url":"http:\/\/takmicarigeneracije.gov.rs\/sr-latn\/","logo":{"@type":"ImageObject","inLanguage":"lat","@id":"http:\/\/takmicarigeneracije.gov.rs\/sr-latn\/#\/schema\/logo\/image\/","url":"http:\/\/takmicarigeneracije.gov.rs\/wp-content\/uploads\/2023\/11\/generacije-logo.svg","contentUrl":"http:\/\/takmicarigeneracije.gov.rs\/wp-content\/uploads\/2023\/11\/generacije-logo.svg","width":169,"height":34,"caption":"Takmi\u010dari generacije"},"image":{"@id":"http:\/\/takmicarigeneracije.gov.rs\/sr-latn\/#\/schema\/logo\/image\/"}}]}},"_links":{"self":[{"href":"http:\/\/takmicarigeneracije.gov.rs\/sr-latn\/wp-json\/wp\/v2\/pages\/4797","targetHints":{"allow":["GET"]}}],"collection":[{"href":"http:\/\/takmicarigeneracije.gov.rs\/sr-latn\/wp-json\/wp\/v2\/pages"}],"about":[{"href":"http:\/\/takmicarigeneracije.gov.rs\/sr-latn\/wp-json\/wp\/v2\/types\/page"}],"author":[{"embeddable":true,"href":"http:\/\/takmicarigeneracije.gov.rs\/sr-latn\/wp-json\/wp\/v2\/users\/1"}],"replies":[{"embeddable":true,"href":"http:\/\/takmicarigeneracije.gov.rs\/sr-latn\/wp-json\/wp\/v2\/comments?post=4797"}],"version-history":[{"count":0,"href":"http:\/\/takmicarigeneracije.gov.rs\/sr-latn\/wp-json\/wp\/v2\/pages\/4797\/revisions"}],"up":[{"embeddable":true,"href":"http:\/\/takmicarigeneracije.gov.rs\/sr-latn\/wp-json\/wp\/v2\/pages\/1767"}],"wp:attachment":[{"href":"http:\/\/takmicarigeneracije.gov.rs\/sr-latn\/wp-json\/wp\/v2\/media?parent=4797"}],"curies":[{"name":"wp","href":"https:\/\/api.w.org\/{rel}","templated":true}]}}