{"id":4823,"date":"2023-06-17T14:56:05","date_gmt":"2023-06-17T14:56:05","guid":{"rendered":"http:\/\/takmicari-gen.codeit-dev.com\/?page_id=4823"},"modified":"2023-11-13T15:16:35","modified_gmt":"2023-11-13T14:16:35","slug":"svajcarski-sistem-a1-odeljenja","status":"publish","type":"page","link":"http:\/\/takmicarigeneracije.gov.rs\/sr-latn\/izuzetni\/svajcarski-sistem-a1-odeljenja\/","title":{"rendered":"\u0160vajcarski sistem &#8211; A1 odeljenja"},"content":{"rendered":"\t\t<div data-elementor-type=\"wp-page\" data-elementor-id=\"4823\" class=\"elementor elementor-4823\" data-elementor-post-type=\"page\">\n\t\t\t\t\t\t<section class=\"elementor-section elementor-top-section elementor-element elementor-element-4d4ba543 elementor-section-full_width elementor-section-height-default elementor-section-height-default\" data-id=\"4d4ba543\" data-element_type=\"section\" id=\"home\">\n\t\t\t\t\t\t<div class=\"elementor-container elementor-column-gap-no\">\n\t\t\t\t\t<div class=\"elementor-column elementor-col-100 elementor-top-column elementor-element elementor-element-4e3e78d6\" data-id=\"4e3e78d6\" data-element_type=\"column\">\n\t\t\t<div class=\"elementor-widget-wrap\">\n\t\t\t\t\t\t\t<\/div>\n\t\t<\/div>\n\t\t\t\t\t<\/div>\n\t\t<\/section>\n\t\t\t\t<section class=\"elementor-section elementor-top-section elementor-element elementor-element-3b64b22d elementor-section-full_width elementor-section-height-default elementor-section-height-default\" data-id=\"3b64b22d\" data-element_type=\"section\">\n\t\t\t\t\t\t<div class=\"elementor-container elementor-column-gap-no\">\n\t\t\t\t\t<div class=\"elementor-column elementor-col-100 elementor-top-column elementor-element elementor-element-2cd619a5\" data-id=\"2cd619a5\" data-element_type=\"column\">\n\t\t\t<div class=\"elementor-widget-wrap elementor-element-populated\">\n\t\t\t\t\t\t<div class=\"elementor-element elementor-element-2c9339c7 elementor-widget elementor-widget-counter\" data-id=\"2c9339c7\" data-element_type=\"widget\" data-widget_type=\"counter.default\">\n\t\t\t\t<div class=\"elementor-widget-container\">\n\t\t\t\t\t\t\t<div class=\"elementor-counter\">\n\t\t\t<div class=\"elementor-counter-title\">Cool Number<\/div>\t\t\t<div class=\"elementor-counter-number-wrapper\">\n\t\t\t\t<span class=\"elementor-counter-number-prefix\"><\/span>\n\t\t\t\t<span class=\"elementor-counter-number\" data-duration=\"2000\" data-to-value=\"100\" data-from-value=\"0\" data-delimiter=\",\">0<\/span>\n\t\t\t\t<span class=\"elementor-counter-number-suffix\"><\/span>\n\t\t\t<\/div>\n\t\t<\/div>\n\t\t\t\t\t\t<\/div>\n\t\t\t\t<\/div>\n\t\t\t\t\t<\/div>\n\t\t<\/div>\n\t\t\t\t\t<\/div>\n\t\t<\/section>\n\t\t\t\t<section class=\"elementor-section elementor-top-section elementor-element elementor-element-6e4d082 elementor-section-boxed elementor-section-height-default elementor-section-height-default\" data-id=\"6e4d082\" data-element_type=\"section\">\n\t\t\t\t\t\t<div class=\"elementor-container elementor-column-gap-default\">\n\t\t\t\t\t<div class=\"elementor-column elementor-col-100 elementor-top-column elementor-element elementor-element-f6774cb\" data-id=\"f6774cb\" data-element_type=\"column\">\n\t\t\t<div class=\"elementor-widget-wrap elementor-element-populated\">\n\t\t\t\t\t\t<div class=\"elementor-element elementor-element-eb592a1 elementor-widget elementor-widget-heading\" data-id=\"eb592a1\" data-element_type=\"widget\" data-widget_type=\"heading.default\">\n\t\t\t\t<div class=\"elementor-widget-container\">\n\t\t\t\t\t<h2 class=\"elementor-heading-title elementor-size-default\">Specijalna odeljenja - 7. i 8. razred u okviru gimnazija<\/h2>\t\t\t\t<\/div>\n\t\t\t\t<\/div>\n\t\t\t\t\t<\/div>\n\t\t<\/div>\n\t\t\t\t\t<\/div>\n\t\t<\/section>\n\t\t\t\t<section class=\"elementor-section elementor-top-section elementor-element elementor-element-4787685 elementor-section-boxed elementor-section-height-default elementor-section-height-default\" data-id=\"4787685\" data-element_type=\"section\">\n\t\t\t\t\t\t<div class=\"elementor-container elementor-column-gap-default\">\n\t\t\t\t\t<div class=\"elementor-column elementor-col-100 elementor-top-column elementor-element elementor-element-840399a\" data-id=\"840399a\" data-element_type=\"column\">\n\t\t\t<div class=\"elementor-widget-wrap elementor-element-populated\">\n\t\t\t\t\t\t<div class=\"elementor-element elementor-element-fa6fb37 elementor-widget elementor-widget-text-editor\" data-id=\"fa6fb37\" data-element_type=\"widget\" data-widget_type=\"text-editor.default\">\n\t\t\t\t<div class=\"elementor-widget-container\">\n\t\t\t\t\t\t\t\t\t<h4 style=\"text-align: center;\">U\u010denici iz 6 gradova imali su mogu\u0107nost da u svom gradu u\u010de po unapre\u0111enom \u0161vajcarskom modelu u specijalnim odeljenjima gimnazija.<\/h4>\n<h4 style=\"text-align: center;\"><span style=\"color: #000000; font-size: 1.5rem; letter-spacing: 0px;\">Gradovi u kojima postoje specijalna odeljenja pri gimnazijama:<\/span><\/h4>\n<h4 style=\"text-align: center;\"><span style=\"color: #000000;\">Beograd, Novi Sad, Ni\u0161, Kragujevac, Kraljevo i Valjevo<\/span><\/h4><div><h4 style=\"letter-spacing: normal; text-align: center;\">*** Dopune i ispravke do ponedeljka 26. juna do 12:00<\/h4><\/div>\t\t\t\t\t\t\t\t<\/div>\n\t\t\t\t<\/div>\n\t\t\t\t\t<\/div>\n\t\t<\/div>\n\t\t\t\t\t<\/div>\n\t\t<\/section>\n\t\t\t\t<section class=\"elementor-section elementor-top-section elementor-element elementor-element-4c5dc50 elementor-section-boxed elementor-section-height-default elementor-section-height-default\" data-id=\"4c5dc50\" data-element_type=\"section\">\n\t\t\t\t\t\t<div class=\"elementor-container elementor-column-gap-default\">\n\t\t\t\t\t<div class=\"elementor-column elementor-col-100 elementor-top-column elementor-element elementor-element-caedb83\" data-id=\"caedb83\" data-element_type=\"column\">\n\t\t\t<div class=\"elementor-widget-wrap elementor-element-populated\">\n\t\t\t\t\t\t<div class=\"elementor-element elementor-element-e671879 elementor-widget elementor-widget-text-editor\" data-id=\"e671879\" data-element_type=\"widget\" data-widget_type=\"text-editor.default\">\n\t\t\t\t<div class=\"elementor-widget-container\">\n\t\t\t\t\t\t\t\t\t<h4 style=\"text-align: center;\"><span style=\"color: #003366;\">Zlatne dekoracije (1-9)<br \/><\/span><\/h4>\t\t\t\t\t\t\t\t<\/div>\n\t\t\t\t<\/div>\n\t\t\t\t\t<\/div>\n\t\t<\/div>\n\t\t\t\t\t<\/div>\n\t\t<\/section>\n\t\t\t\t<section class=\"elementor-section elementor-top-section elementor-element elementor-element-b8aae34 elementor-section-boxed elementor-section-height-default elementor-section-height-default\" data-id=\"b8aae34\" data-element_type=\"section\">\n\t\t\t\t\t\t<div class=\"elementor-container elementor-column-gap-default\">\n\t\t\t\t\t<div class=\"elementor-column elementor-col-100 elementor-top-column elementor-element elementor-element-23a4448\" data-id=\"23a4448\" data-element_type=\"column\">\n\t\t\t<div class=\"elementor-widget-wrap elementor-element-populated\">\n\t\t\t\t\t\t<div class=\"elementor-element elementor-element-4127111 elementor-widget elementor-widget-shortcode\" data-id=\"4127111\" data-element_type=\"widget\" data-widget_type=\"shortcode.default\">\n\t\t\t\t<div class=\"elementor-widget-container\">\n\t\t\t\t\t\t\t<div class=\"elementor-shortcode\">\n<div id=\"tablepress-38-scroll-wrapper\" class=\"tablepress-scroll-wrapper\">\n<table id=\"tablepress-38\" class=\"tablepress tablepress-id-38 tablepress-responsive\">\n<thead>\n<tr class=\"row-1\">\n\t<th class=\"column-1\">Ime i prezime<\/th><th class=\"column-2\">Osnovna \u0161kola<\/th><th class=\"column-3\">Op\u0161tina<\/th><th class=\"column-4\">Odeljenje<\/th>\n<\/tr>\n<\/thead>\n<tbody class=\"row-striping row-hover\">\n<tr class=\"row-2\">\n\t<td class=\"column-1\"><a href=\"http:\/\/takmicarigeneracije.gov.rs\/gen-2008\/dimitrije-atanaskovic\/\"> Dimitrije Mita Atanaskovi\u0107 <\/a><\/td><td class=\"column-2\">\"Car Konstantin\" +<br \/>\n<a href=\"http:\/\/takmicarigeneracije.gov.rs\/izuzetni\/specijalni-7-i-8-razredi-po-srbiji\/\"> gimnazija \"Svetozar Markovi\u0107\" - Ni\u0161<\/a><\/td><td class=\"column-3\">Ni\u0161<\/td><td class=\"column-4\"><a href=\"http:\/\/takmicarigeneracije.gov.rs\/izuzetni\/zlatno-odeljenje\/\">zlatno odeljenje<\/a><\/td>\n<\/tr>\n<tr class=\"row-3\">\n\t<td class=\"column-1\"><a href=\"http:\/\/takmicarigeneracije.gov.rs\/gen-2008\/lazar-kolundzija\/\"> Lazar Kolund\u017eija <\/a><\/td><td class=\"column-2\">\"Branko Miljkovi\u0107\" +<br \/>\n<a href=\"http:\/\/takmicarigeneracije.gov.rs\/izuzetni\/specijalni-7-i-8-razredi-po-srbiji\/\"> gimnazija \"Svetozar Markovi\u0107\" - Ni\u0161<\/a><\/td><td class=\"column-3\">Ni\u0161<\/td><td class=\"column-4\"><a href=\"http:\/\/takmicarigeneracije.gov.rs\/izuzetni\/zlatno-odeljenje\/\">zlatno odeljenje<\/a><\/td>\n<\/tr>\n<tr class=\"row-4\">\n\t<td class=\"column-1\"><a href=\"http:\/\/takmicarigeneracije.gov.rs\/gen-2008\/jovan-milosevic\/\"> Jovan Milo\u0161evi\u0107 <\/a><\/td><td class=\"column-2\">\"Branko Radi\u010devi\u0107\" +<br \/>\n<a href=\"http:\/\/takmicarigeneracije.gov.rs\/izuzetni\/specijalni-7-i-8-razredi-po-srbiji\/\"> Matemati\u010dka gimnazija - Beograd<\/a><\/td><td class=\"column-3\">Negotin +<br \/>\nStari grad<\/td><td class=\"column-4\"><a href=\"http:\/\/takmicarigeneracije.gov.rs\/izuzetni\/zlatno-odeljenje\/\">zlatno odeljenje<\/a><\/td>\n<\/tr>\n<tr class=\"row-5\">\n\t<td class=\"column-1\"><a href=\"http:\/\/takmicarigeneracije.gov.rs\/gen-2008\/jovan-stojadinovic\/\"> Jovan Stojadinovi\u0107 <\/a><\/td><td class=\"column-2\">\"Jovan Jovanovi\u0107 Zmaj \" +<br \/>\n<a href=\"http:\/\/takmicarigeneracije.gov.rs\/izuzetni\/specijalni-7-i-8-razredi-po-srbiji\/\"> Matemati\u010dka gimnazija - Beograd<\/a><\/td><td class=\"column-3\">Obrenovac +<br \/>\nStari grad<\/td><td class=\"column-4\"><a href=\"http:\/\/takmicarigeneracije.gov.rs\/izuzetni\/zlatno-odeljenje\/\">zlatno odeljenje<\/a><\/td>\n<\/tr>\n<tr class=\"row-6\">\n\t<td class=\"column-1\"><a href=\"http:\/\/takmicarigeneracije.gov.rs\/gen-2008\/vanja-jelovac\/\"> Vanja Jelovac <\/a><\/td><td class=\"column-2\">\u201eJovan Sterija Popovi\u0107\u201d +<br \/>\n<a href=\"http:\/\/takmicarigeneracije.gov.rs\/izuzetni\/specijalni-7-i-8-razredi-po-srbiji\/\"> Matemati\u010dka gimnazija - Beograd<\/a><\/td><td class=\"column-3\">Novi Beograd +<br \/>\nStari grad<\/td><td class=\"column-4\"><a href=\"http:\/\/takmicarigeneracije.gov.rs\/izuzetni\/zlatno-odeljenje\/\">zlatno odeljenje<\/a><\/td>\n<\/tr>\n<tr class=\"row-7\">\n\t<td class=\"column-1\"><a href=\"http:\/\/takmicarigeneracije.gov.rs\/gen-2008\/lav-ivanovic\/\"> Lav Ivanovi\u0107 <\/a><\/td><td class=\"column-2\">\"Kosta Trifkovi\u0107\" + <br \/>\n<a href=\"http:\/\/takmicarigeneracije.gov.rs\/izuzetni\/specijalni-7-i-8-razredi-po-srbiji\/\"> gimnazija \"Jovan Jovanovi\u0107 Zmaj\" - Novi Sad<\/a><\/td><td class=\"column-3\">Novi Sad<\/td><td class=\"column-4\"><a href=\"http:\/\/takmicarigeneracije.gov.rs\/izuzetni\/zlatno-odeljenje\/\">zlatno odeljenje<\/a><\/td>\n<\/tr>\n<tr class=\"row-8\">\n\t<td class=\"column-1\"><a href=\"http:\/\/takmicarigeneracije.gov.rs\/gen-2008\/marko-dugandzic\/\"> Marko Dugand\u017ei\u0107 <\/a><\/td><td class=\"column-2\">\"Milo\u0161 Crnjanski\" +<br \/>\n<a href=\"http:\/\/takmicarigeneracije.gov.rs\/izuzetni\/specijalni-7-i-8-razredi-po-srbiji\/\"> Matemati\u010dka gimnazija - Beograd<\/a><\/td><td class=\"column-3\">\u010cukarica +<br \/>\nStari grad<\/td><td class=\"column-4\"><a href=\"http:\/\/takmicarigeneracije.gov.rs\/izuzetni\/zlatno-odeljenje\/\">zlatno odeljenje<\/a><\/td>\n<\/tr>\n<tr class=\"row-9\">\n\t<td class=\"column-1\"><a href=\"http:\/\/takmicarigeneracije.gov.rs\/gen-2008\/luka-cvijovic\/\"> Luka Cvijovi\u0107 <\/a><\/td><td class=\"column-2\">\"Stanislav Srem\u010devi\u0107\" +<br \/>\n<a href=\"http:\/\/takmicarigeneracije.gov.rs\/izuzetni\/specijalni-7-i-8-razredi-po-srbiji\/\"> Kraljeva\u010dka gimnazija<\/a><\/td><td class=\"column-3\">Kragujevac<\/td><td class=\"column-4\"><a href=\"http:\/\/takmicarigeneracije.gov.rs\/izuzetni\/zlatno-odeljenje\/\">zlatno odeljenje<\/a><\/td>\n<\/tr>\n<tr class=\"row-10\">\n\t<td class=\"column-1\"><a href=\"http:\/\/takmicarigeneracije.gov.rs\/gen-2008\/anja-tesevic\/\">Anja Te\u0161evi\u0107<\/a><\/td><td class=\"column-2\">\u201eDu\u0161ko Radovi\u0107\u201d +<br \/>\n<a href=\"http:\/\/takmicarigeneracije.gov.rs\/izuzetni\/specijalni-7-i-8-razredi-po-srbiji\/\"> Matemati\u010dka gimnazija - Beograd<\/a><\/td><td class=\"column-3\">Novi Beograd +<br \/>\nStari grad<\/td><td class=\"column-4\"><a href=\"http:\/\/takmicarigeneracije.gov.rs\/izuzetni\/zlatno-odeljenje\/\">zlatno odeljenje<\/a><\/td>\n<\/tr>\n<\/tbody>\n<\/table>\n<\/div>\n<!-- #tablepress-38 from cache --><\/div>\n\t\t\t\t\t\t<\/div>\n\t\t\t\t<\/div>\n\t\t\t\t\t<\/div>\n\t\t<\/div>\n\t\t\t\t\t<\/div>\n\t\t<\/section>\n\t\t\t\t<section class=\"elementor-section elementor-top-section elementor-element elementor-element-c0395aa elementor-section-boxed elementor-section-height-default elementor-section-height-default\" data-id=\"c0395aa\" data-element_type=\"section\">\n\t\t\t\t\t\t<div class=\"elementor-container elementor-column-gap-default\">\n\t\t\t\t\t<div class=\"elementor-column elementor-col-100 elementor-top-column elementor-element elementor-element-a89a23c\" data-id=\"a89a23c\" data-element_type=\"column\">\n\t\t\t<div class=\"elementor-widget-wrap elementor-element-populated\">\n\t\t\t\t\t\t<div class=\"elementor-element elementor-element-de8802f elementor-widget elementor-widget-text-editor\" data-id=\"de8802f\" data-element_type=\"widget\" data-widget_type=\"text-editor.default\">\n\t\t\t\t<div class=\"elementor-widget-container\">\n\t\t\t\t\t\t\t\t\t<h4 style=\"text-align: center;\"><span style=\"color: #003366;\">Srebrne dekoracije (10-29)<\/span><\/h4>\t\t\t\t\t\t\t\t<\/div>\n\t\t\t\t<\/div>\n\t\t\t\t\t<\/div>\n\t\t<\/div>\n\t\t\t\t\t<\/div>\n\t\t<\/section>\n\t\t\t\t<section class=\"elementor-section elementor-top-section elementor-element elementor-element-2c5937a elementor-section-boxed elementor-section-height-default elementor-section-height-default\" data-id=\"2c5937a\" data-element_type=\"section\">\n\t\t\t\t\t\t<div class=\"elementor-container elementor-column-gap-default\">\n\t\t\t\t\t<div class=\"elementor-column elementor-col-100 elementor-top-column elementor-element elementor-element-bfcd132\" data-id=\"bfcd132\" data-element_type=\"column\">\n\t\t\t<div class=\"elementor-widget-wrap elementor-element-populated\">\n\t\t\t\t\t\t<div class=\"elementor-element elementor-element-2e8d53c elementor-widget elementor-widget-shortcode\" data-id=\"2e8d53c\" data-element_type=\"widget\" data-widget_type=\"shortcode.default\">\n\t\t\t\t<div class=\"elementor-widget-container\">\n\t\t\t\t\t\t\t<div class=\"elementor-shortcode\">\n<div id=\"tablepress-39-scroll-wrapper\" class=\"tablepress-scroll-wrapper\">\n<table id=\"tablepress-39\" class=\"tablepress tablepress-id-39 tablepress-responsive\">\n<thead>\n<tr class=\"row-1\">\n\t<th class=\"column-1\">Ime i prezime<\/th><th class=\"column-2\">Osnovna \u0161kola<\/th><th class=\"column-3\">Op\u0161tina<\/th><th class=\"column-4\">Odeljenje<\/th>\n<\/tr>\n<\/thead>\n<tbody class=\"row-striping row-hover\">\n<tr class=\"row-2\">\n\t<td class=\"column-1\"><a href=\"http:\/\/takmicarigeneracije.gov.rs\/gen-2008\/nebojsa-lazic\/\"> Neboj\u0161a Lazi\u0107 <\/a><\/td><td class=\"column-2\">\"Ivan Goran Kova\u010di\u0107\"+<br \/>\n<a href=\"http:\/\/takmicarigeneracije.gov.rs\/izuzetni\/specijalni-7-i-8-razredi-po-srbiji\/\"> Matemati\u010dka gimnazija - Beograd<\/a><\/td><td class=\"column-3\">Zvezdara +<br \/>\nStari grad<\/td><td class=\"column-4\"><a href=\"http:\/\/takmicarigeneracije.gov.rs\/izuzetni\/zlatno-odeljenje\/\">zlatno odeljenje<\/a><\/td>\n<\/tr>\n<tr class=\"row-3\">\n\t<td class=\"column-1\"><a href=\"http:\/\/takmicarigeneracije.gov.rs\/gen-2008\/mina-dabovic\/\"> Mina Dabovi\u0107 <\/a><\/td><td class=\"column-2\">\"Nikola Tesla\"\u201d +<br \/>\n<a href=\"http:\/\/takmicarigeneracije.gov.rs\/izuzetni\/specijalni-7-i-8-razredi-po-srbiji\/\"> Matemati\u010dka gimnazija - Beograd<\/a><\/td><td class=\"column-3\">Rakovica+<br \/>\nStari grad<\/td><td class=\"column-4\"><a href=\"http:\/\/takmicarigeneracije.gov.rs\/izuzetni\/zlatno-odeljenje\/\">zlatno odeljenje<\/a><\/td>\n<\/tr>\n<tr class=\"row-4\">\n\t<td class=\"column-1\"><a href=\"http:\/\/takmicarigeneracije.gov.rs\/gen-2008\/tea-cebasek\/\"> Tea \u010ceba\u0161ek <\/a><\/td><td class=\"column-2\">\"Mladost\" +<br \/>\n<a href=\"http:\/\/takmicarigeneracije.gov.rs\/izuzetni\/specijalni-7-i-8-razredi-po-srbiji\/\"> Matemati\u010dka gimnazija - Beograd<\/a><\/td><td class=\"column-3\">Novi Beograd +<br \/>\nStari grad<\/td><td class=\"column-4\"><a href=\"http:\/\/takmicarigeneracije.gov.rs\/izuzetni\/zlatno-odeljenje\/\">zlatno odeljenje<\/a><\/td>\n<\/tr>\n<tr class=\"row-5\">\n\t<td class=\"column-1\"><a href=\"http:\/\/takmicarigeneracije.gov.rs\/gen-2008\/dejan-kurbalija\/\"> Dejan Kurbalija <\/a><\/td><td class=\"column-2\">\"Ivan Gunduli\u0107\"+ <br \/>\n<a href=\"http:\/\/takmicarigeneracije.gov.rs\/izuzetni\/specijalni-7-i-8-razredi-po-srbiji\/\"> gimnazija \"Jovan Jovanovi\u0107 Zmaj\" - Novi Sad<\/a><\/td><td class=\"column-3\">Novi Sad<\/td><td class=\"column-4\"><a href=\"http:\/\/takmicarigeneracije.gov.rs\/izuzetni\/srebrno-odeljenje\/\">srebrno odeljenje <\/a><\/td>\n<\/tr>\n<tr class=\"row-6\">\n\t<td class=\"column-1\"><a href=\"http:\/\/takmicarigeneracije.gov.rs\/gen-2008\/bogdan-milovanovic\/\"> Bogdan Milovanovi\u0107 <\/a><\/td><td class=\"column-2\">\"Ivo Andri\u0107\" +<br \/>\n<a href=\"http:\/\/takmicarigeneracije.gov.rs\/izuzetni\/specijalni-7-i-8-razredi-po-srbiji\/\"> Matemati\u010dka gimnazija - Beograd<\/a><\/td><td class=\"column-3\">Rakovica +<br \/>\nStari grad<\/td><td class=\"column-4\"><a href=\"http:\/\/takmicarigeneracije.gov.rs\/izuzetni\/srebrno-odeljenje\/\">srebrno odeljenje <\/a><\/td>\n<\/tr>\n<tr class=\"row-7\">\n\t<td class=\"column-1\"><a href=\"http:\/\/takmicarigeneracije.gov.rs\/gen-2008\/luka-prekovic\/\"> Luka Prekovi\u0107 <\/a><\/td><td class=\"column-2\">\"\u0110ura Dani\u010di\u0107\" +<br \/>\n<a href=\"http:\/\/takmicarigeneracije.gov.rs\/izuzetni\/specijalni-7-i-8-razredi-po-srbiji\/\"> Matemati\u010dka gimnazija - Beograd<\/a><\/td><td class=\"column-3\">Vo\u017edovac+<br \/>\nStari grad<\/td><td class=\"column-4\"><a href=\"http:\/\/takmicarigeneracije.gov.rs\/izuzetni\/srebrno-odeljenje\/\">srebrno odeljenje <\/a><\/td>\n<\/tr>\n<tr class=\"row-8\">\n\t<td class=\"column-1\"><a href=\"http:\/\/takmicarigeneracije.gov.rs\/gen-2008\/zoran-dimitrijevic\/\"> Zoran Dimitrijevi\u0107 <\/a><\/td><td class=\"column-2\">\"Ratko Mitrovi\u0107\"+ <br \/>\n<a href=\"http:\/\/takmicarigeneracije.gov.rs\/izuzetni\/specijalni-7-i-8-razredi-po-srbiji\/\"> Matemati\u010dka gimnazija - Beograd<\/a><\/td><td class=\"column-3\">Novi Beograd + <br \/>\nStari grad<\/td><td class=\"column-4\"><a href=\"http:\/\/takmicarigeneracije.gov.rs\/izuzetni\/srebrno-odeljenje\/\">srebrno odeljenje <\/a><\/td>\n<\/tr>\n<tr class=\"row-9\">\n\t<td class=\"column-1\"><a href=\"http:\/\/takmicarigeneracije.gov.rs\/gen-2008\/luka-miljkovic\/\"> Luka Miljkovi\u0107 <\/a><\/td><td class=\"column-2\">\"Milan \u0110. Mili\u0107evi\u0107\" +<br \/>\n<a href=\"http:\/\/takmicarigeneracije.gov.rs\/izuzetni\/specijalni-7-i-8-razredi-po-srbiji\/\"> Matemati\u010dka gimnazija - Beograd<\/a><\/td><td class=\"column-3\">Vo\u017edovac+ <br \/>\nStari grad<\/td><td class=\"column-4\"><a href=\"http:\/\/takmicarigeneracije.gov.rs\/izuzetni\/srebrno-odeljenje\/\">srebrno odeljenje <\/a><\/td>\n<\/tr>\n<tr class=\"row-10\">\n\t<td class=\"column-1\"><a href=\"http:\/\/takmicarigeneracije.gov.rs\/gen-2008\/veljko-ilic\/\"> Veljko Ili\u0107 <\/a><\/td><td class=\"column-2\">\"Kralj Petar I\" +<br \/>\n<a href=\"http:\/\/takmicarigeneracije.gov.rs\/izuzetni\/specijalni-7-i-8-razredi-po-srbiji\/\"> gimnazija \"Svetozar Markovi\u0107\" - Ni\u0161<\/a><\/td><td class=\"column-3\">Ni\u0161<\/td><td class=\"column-4\"><a href=\"http:\/\/takmicarigeneracije.gov.rs\/izuzetni\/srebrno-odeljenje\/\">srebrno odeljenje <\/a><\/td>\n<\/tr>\n<tr class=\"row-11\">\n\t<td class=\"column-1\"><a href=\"http:\/\/takmicarigeneracije.gov.rs\/gen-2008\/relja-dragojlovic\/\"> Relja Dragojlovi\u0107 <\/a><\/td><td class=\"column-2\">\"Dositej Obradovi\u0107\" + <br \/>\n<a href=\"http:\/\/takmicarigeneracije.gov.rs\/izuzetni\/specijalni-7-i-8-razredi-po-srbiji\/\"> gimnazija \"Jovan Jovanovi\u0107 Zmaj\" - Novi Sad<\/a><\/td><td class=\"column-3\">Novi Sad<\/td><td class=\"column-4\"><a href=\"http:\/\/takmicarigeneracije.gov.rs\/izuzetni\/srebrno-odeljenje\/\">srebrno odeljenje <\/a><\/td>\n<\/tr>\n<tr class=\"row-12\">\n\t<td class=\"column-1\"><a href=\"http:\/\/takmicarigeneracije.gov.rs\/gen-2008\/mija-zelic\/\"> Mija Zeli\u0107 <\/a><\/td><td class=\"column-2\">\"Ujedinjene Nacije\" +<br \/>\n<a href=\"http:\/\/takmicarigeneracije.gov.rs\/izuzetni\/specijalni-7-i-8-razredi-po-srbiji\/\"> Matemati\u010dka gimnazija - Beograd<\/a><\/td><td class=\"column-3\">\u010cukarica +<br \/>\nStari grad<\/td><td class=\"column-4\"><a href=\"http:\/\/takmicarigeneracije.gov.rs\/izuzetni\/srebrno-odeljenje\/\">srebrno odeljenje <\/a><\/td>\n<\/tr>\n<tr class=\"row-13\">\n\t<td class=\"column-1\"><a href=\"http:\/\/takmicarigeneracije.gov.rs\/gen-2008\/masa-stosic\/\"> Ma\u0161a Sto\u0161i\u0107 <\/a><\/td><td class=\"column-2\">\"Branko Radi\u010devi\u0107\" +<br \/>\n<a href=\"http:\/\/takmicarigeneracije.gov.rs\/izuzetni\/specijalni-7-i-8-razredi-po-srbiji\/\"> gimnazija \"Jovan Jovanovi\u0107 Zmaj\" - Novi Sad<\/a><\/td><td class=\"column-3\">Novi Sad<\/td><td class=\"column-4\"><a href=\"http:\/\/takmicarigeneracije.gov.rs\/izuzetni\/srebrno-odeljenje\/\">srebrno odeljenje <\/a><\/td>\n<\/tr>\n<tr class=\"row-14\">\n\t<td class=\"column-1\"><a href=\"http:\/\/takmicarigeneracije.gov.rs\/gen-2008\/lana-stanojevic\/\"> Lana Stanojevi\u0107 <\/a><\/td><td class=\"column-2\">\"Filip Kljaji\u0107 Fi\u0107a +<br \/>\n<a href=\"http:\/\/takmicarigeneracije.gov.rs\/izuzetni\/specijalni-7-i-8-razredi-po-srbiji\/\"> Matemati\u010dka gimnazija - Beograd<\/a><\/td><td class=\"column-3\">\u010cukarica +<br \/>\nStari grad<\/td><td class=\"column-4\"><a href=\"http:\/\/takmicarigeneracije.gov.rs\/izuzetni\/srebrno-odeljenje\/\">srebrno odeljenje <\/a><\/td>\n<\/tr>\n<tr class=\"row-15\">\n\t<td class=\"column-1\"><a href=\"http:\/\/takmicarigeneracije.gov.rs\/gen-2008\/elena-dimitrijevic\/\"> Elena Dimitrijevi\u0107 <\/a><\/td><td class=\"column-2\">\"Stefan Nemanja\" + <br \/>\n<a href=\"http:\/\/takmicarigeneracije.gov.rs\/izuzetni\/specijalni-7-i-8-razredi-po-srbiji\/\"> gimnazija \"Svetozar Markovi\u0107\" - Ni\u0161<\/a><\/td><td class=\"column-3\">Ni\u0161<\/td><td class=\"column-4\"><a href=\"http:\/\/takmicarigeneracije.gov.rs\/izuzetni\/srebrno-odeljenje\/\">srebrno odeljenje <\/a><\/td>\n<\/tr>\n<tr class=\"row-16\">\n\t<td class=\"column-1\"><a href=\"http:\/\/takmicarigeneracije.gov.rs\/gen-2008\/velizar-ivanovic\/\"> Velizar Ivanovi\u0107 <\/a><\/td><td class=\"column-2\">\"Josif Pan\u010di\u0107\t\" + <br \/>\n<a href=\"http:\/\/takmicarigeneracije.gov.rs\/izuzetni\/specijalni-7-i-8-razredi-po-srbiji\/\"> Matemati\u010dka gimnazija - Beograd<\/a><\/td><td class=\"column-3\">\u010cukarica + <br \/>\nStari grad<\/td><td class=\"column-4\"><a href=\"http:\/\/takmicarigeneracije.gov.rs\/izuzetni\/brozano-odeljenje\/\">bronzano odeljenje <\/a><\/td>\n<\/tr>\n<tr class=\"row-17\">\n\t<td class=\"column-1\"><a href=\"http:\/\/takmicarigeneracije.gov.rs\/gen-2008\/beren-zivanac\/\"> Beren \u017divanac <\/a><\/td><td class=\"column-2\">\u201ePetefiI \u0160andor\u201d+<br \/>\n<a href=\"http:\/\/takmicarigeneracije.gov.rs\/izuzetni\/specijalni-7-i-8-razredi-po-srbiji\/\"> gimnazija \"Jovan Jovanovi\u0107 Zmaj\" - Novi Sad<\/a><\/td><td class=\"column-3\">Novi Sad<\/td><td class=\"column-4\"><a href=\"http:\/\/takmicarigeneracije.gov.rs\/izuzetni\/brozano-odeljenje\/\">bronzano odeljenje <\/a><\/td>\n<\/tr>\n<tr class=\"row-18\">\n\t<td class=\"column-1\"><a href=\"http:\/\/takmicarigeneracije.gov.rs\/gen-2008\/aleksa-milovanovic\/\"> Aleksa Milovanovi\u0107 <\/a><\/td><td class=\"column-2\">\"Kneginja Milica\" + <br \/>\n<a href=\"http:\/\/takmicarigeneracije.gov.rs\/izuzetni\/specijalni-7-i-8-razredi-po-srbiji\/\"> Matemati\u010dka gimnazija - Beograd<\/a><\/td><td class=\"column-3\">Novi Beograd + <br \/>\nStari grad<\/td><td class=\"column-4\"><a href=\"http:\/\/takmicarigeneracije.gov.rs\/izuzetni\/brozano-odeljenje\/\">bronzano odeljenje <\/a><\/td>\n<\/tr>\n<tr class=\"row-19\">\n\t<td class=\"column-1\"><a href=\"http:\/\/takmicarigeneracije.gov.rs\/gen-2008\/aleksandar-uncanin\/\"> Aleksandar Un\u010danin <\/a><\/td><td class=\"column-2\">Vasa Staji\u0107\u201d + <br \/>\n<a href=\"http:\/\/takmicarigeneracije.gov.rs\/izuzetni\/specijalni-7-i-8-razredi-po-srbiji\/\"> gimnazija \"Jovan Jovanovi\u0107 Zmaj\" - Novi Sad<\/a><\/td><td class=\"column-3\">Novi Sad<\/td><td class=\"column-4\"><a href=\"http:\/\/takmicarigeneracije.gov.rs\/izuzetni\/brozano-odeljenje\/\">bronzano odeljenje <\/a><\/td>\n<\/tr>\n<tr class=\"row-20\">\n\t<td class=\"column-1\"><a href=\"http:\/\/takmicarigeneracije.gov.rs\/gen-2008\/lazar-filipovic\/\"> Lazar Filipovi\u0107 <\/a><\/td><td class=\"column-2\"><a href=\"http:\/\/takmicarigeneracije.gov.rs\/izuzetni\/specijalni-7-i-8-razredi-po-srbiji\/\"> gimnazija \"Svetozar Markovi\u0107\" - Ni\u0161<\/a><\/td><td class=\"column-3\">Ni\u0161<\/td><td class=\"column-4\"><a href=\"http:\/\/takmicarigeneracije.gov.rs\/izuzetni\/pohvale\/\">Pohvale (73- 144)<\/a><\/td>\n<\/tr>\n<tr class=\"row-21\">\n\t<td class=\"column-1\"><a href=\"http:\/\/takmicarigeneracije.gov.rs\/gen-2008\/stribor-zivanovic-vidic\/\"> Stribor \u017divanovi\u0107 Vidi\u0107 <\/a><\/td><td class=\"column-2\">\"Kralj Aleksandar I\"\t+<br \/>\n<a href=\"http:\/\/takmicarigeneracije.gov.rs\/izuzetni\/specijalni-7-i-8-razredi-po-srbiji\/\"> Matemati\u010dka gimnazija - Beograd<\/a><\/td><td class=\"column-3\">Novi Beograd+<br \/>\nStari grad<\/td><td class=\"column-4\"><a href=\"http:\/\/takmicarigeneracije.gov.rs\/izuzetni\/pohvale\/\">Pohvale (73- 144)<\/a><\/td>\n<\/tr>\n<\/tbody>\n<\/table>\n<\/div>\n<!-- #tablepress-39 from cache --><\/div>\n\t\t\t\t\t\t<\/div>\n\t\t\t\t<\/div>\n\t\t\t\t\t<\/div>\n\t\t<\/div>\n\t\t\t\t\t<\/div>\n\t\t<\/section>\n\t\t\t\t<\/div>\n\t\t","protected":false},"excerpt":{"rendered":"<p>test.generacije.info Info portal koji prepoznaje uspe\u0161nije u\u010denike Svake godine su takmi\u010denja. Poku\u0161aj. Daj sve od sebe. Stipendije i nagrade 1000 dodeljenih nagrada svake godine 10000 pregledanih radova 144 uspe\u0161nijih \u0111aka 500 Internet linkova izvora informacija Specijalna odeljenja &#8211; 7. i 8. razred u okviru gimnazija U\u010denici iz 6 gradova imali su mogu\u0107nost da u svom [&hellip;]<\/p>\n","protected":false},"author":1,"featured_media":0,"parent":1767,"menu_order":5,"comment_status":"closed","ping_status":"closed","template":"page-templates\/home1.php","meta":{"_acf_changed":false,"footnotes":""},"class_list":["post-4823","page","type-page","status-publish","hentry"],"acf":[],"yoast_head":"<!-- This site is optimized with the Yoast SEO plugin v26.4 - https:\/\/yoast.com\/wordpress\/plugins\/seo\/ -->\n<title>\u0160vajcarski sistem - A1 odeljenja &#8226; Takmi\u010dari generacije<\/title>\n<meta name=\"description\" content=\"U cilju identifikacije, pra\u0107enja i podsticanja u\u010denika sa izuzetnim, posebnim sposobnostima napravljena je platforma Takmi\u010dari generacije.\" \/>\n<meta name=\"robots\" content=\"index, follow, max-snippet:-1, max-image-preview:large, max-video-preview:-1\" \/>\n<link rel=\"canonical\" href=\"http:\/\/takmicarigeneracije.gov.rs\/sr-latn\/izuzetni\/svajcarski-sistem-a1-odeljenja\/\" \/>\n<meta property=\"og:locale\" content=\"en_US\" \/>\n<meta property=\"og:type\" content=\"article\" \/>\n<meta property=\"og:title\" content=\"\u0160vajcarski sistem - A1 odeljenja &#8226; Takmi\u010dari generacije\" \/>\n<meta property=\"og:description\" content=\"U cilju identifikacije, pra\u0107enja i podsticanja u\u010denika sa izuzetnim, posebnim sposobnostima napravljena je platforma Takmi\u010dari generacije.\" \/>\n<meta property=\"og:url\" content=\"http:\/\/takmicarigeneracije.gov.rs\/sr-latn\/izuzetni\/svajcarski-sistem-a1-odeljenja\/\" \/>\n<meta property=\"og:site_name\" content=\"\u0422\u0430\u043a\u043c\u0438\u0447\u0430\u0440\u0438 \u0433\u0435\u043d\u0435\u0440\u0430\u0446\u0438\u0458\u0435\" \/>\n<meta property=\"article:modified_time\" content=\"2023-11-13T14:16:35+00:00\" \/>\n<meta property=\"og:image\" content=\"http:\/\/takmicarigeneracije.gov.rs\/wp-content\/uploads\/2023\/04\/tanda-hero.png\" \/>\n<meta name=\"twitter:card\" content=\"summary_large_image\" \/>\n<meta name=\"twitter:label1\" content=\"Est. reading time\" \/>\n\t<meta name=\"twitter:data1\" content=\"3 minutes\" \/>\n<script type=\"application\/ld+json\" class=\"yoast-schema-graph\">{\"@context\":\"https:\/\/schema.org\",\"@graph\":[{\"@type\":\"WebPage\",\"@id\":\"http:\/\/takmicarigeneracije.gov.rs\/sr-latn\/izuzetni\/svajcarski-sistem-a1-odeljenja\/\",\"url\":\"http:\/\/takmicarigeneracije.gov.rs\/sr-latn\/izuzetni\/svajcarski-sistem-a1-odeljenja\/\",\"name\":\"\u0160vajcarski sistem - A1 odeljenja &#8226; Takmi\u010dari generacije\",\"isPartOf\":{\"@id\":\"http:\/\/takmicarigeneracije.gov.rs\/sr-latn\/#website\"},\"primaryImageOfPage\":{\"@id\":\"http:\/\/takmicarigeneracije.gov.rs\/sr-latn\/izuzetni\/svajcarski-sistem-a1-odeljenja\/#primaryimage\"},\"image\":{\"@id\":\"http:\/\/takmicarigeneracije.gov.rs\/sr-latn\/izuzetni\/svajcarski-sistem-a1-odeljenja\/#primaryimage\"},\"thumbnailUrl\":\"http:\/\/takmicarigeneracije.gov.rs\/wp-content\/uploads\/2023\/04\/tanda-hero.png\",\"datePublished\":\"2023-06-17T14:56:05+00:00\",\"dateModified\":\"2023-11-13T14:16:35+00:00\",\"description\":\"U cilju identifikacije, pra\u0107enja i podsticanja u\u010denika sa izuzetnim, posebnim sposobnostima napravljena je platforma Takmi\u010dari generacije.\",\"breadcrumb\":{\"@id\":\"http:\/\/takmicarigeneracije.gov.rs\/sr-latn\/izuzetni\/svajcarski-sistem-a1-odeljenja\/#breadcrumb\"},\"inLanguage\":\"lat\",\"potentialAction\":[{\"@type\":\"ReadAction\",\"target\":[\"http:\/\/takmicarigeneracije.gov.rs\/sr-latn\/izuzetni\/svajcarski-sistem-a1-odeljenja\/\"]}]},{\"@type\":\"ImageObject\",\"inLanguage\":\"lat\",\"@id\":\"http:\/\/takmicarigeneracije.gov.rs\/sr-latn\/izuzetni\/svajcarski-sistem-a1-odeljenja\/#primaryimage\",\"url\":\"http:\/\/takmicarigeneracije.gov.rs\/wp-content\/uploads\/2023\/04\/tanda-hero.png\",\"contentUrl\":\"http:\/\/takmicarigeneracije.gov.rs\/wp-content\/uploads\/2023\/04\/tanda-hero.png\"},{\"@type\":\"BreadcrumbList\",\"@id\":\"http:\/\/takmicarigeneracije.gov.rs\/sr-latn\/izuzetni\/svajcarski-sistem-a1-odeljenja\/#breadcrumb\",\"itemListElement\":[{\"@type\":\"ListItem\",\"position\":1,\"name\":\"Po\u010detna\",\"item\":\"http:\/\/takmicarigeneracije.gov.rs\/sr-latn\/\"},{\"@type\":\"ListItem\",\"position\":2,\"name\":\"Izuzetni\",\"item\":\"http:\/\/takmicarigeneracije.gov.rs\/sr-latn\/izuzetni\/\"},{\"@type\":\"ListItem\",\"position\":3,\"name\":\"\u0160vajcarski sistem &#8211; A1 odeljenja\"}]},{\"@type\":\"WebSite\",\"@id\":\"http:\/\/takmicarigeneracije.gov.rs\/sr-latn\/#website\",\"url\":\"http:\/\/takmicarigeneracije.gov.rs\/sr-latn\/\",\"name\":\"\u0422\u0430\u043a\u043c\u0438\u0447\u0430\u0440\u0438 \u0433\u0435\u043d\u0435\u0440\u0430\u0446\u0438\u0458\u0435\",\"description\":\"\u041e\u0432\u0434\u0435 \u0441\u043c\u043e \u0434\u0430 \u043f\u043e\u0434\u0440\u0436\u0438\u043c\u043e \u0443\u0441\u043f\u0435\u0445\u0435.\",\"publisher\":{\"@id\":\"http:\/\/takmicarigeneracije.gov.rs\/sr-latn\/#organization\"},\"alternateName\":\"\u0422\u0430\u043a\u043c\u0438\u0447\u0430\u0440\u0438 \u0433\u0435\u043d\u0435\u0440\u0430\u0446\u0438\u0458\u0435\",\"potentialAction\":[{\"@type\":\"SearchAction\",\"target\":{\"@type\":\"EntryPoint\",\"urlTemplate\":\"http:\/\/takmicarigeneracije.gov.rs\/sr-latn\/?s={search_term_string}\"},\"query-input\":{\"@type\":\"PropertyValueSpecification\",\"valueRequired\":true,\"valueName\":\"search_term_string\"}}],\"inLanguage\":\"lat\"},{\"@type\":\"Organization\",\"@id\":\"http:\/\/takmicarigeneracije.gov.rs\/sr-latn\/#organization\",\"name\":\"Takmi\u010dari generacije\",\"alternateName\":\"\u0422\u0430\u043a\u043c\u0438\u0447\u0430\u0440\u0438 \u0433\u0435\u043d\u0435\u0440\u0430\u0446\u0438\u0458\u0435\",\"url\":\"http:\/\/takmicarigeneracije.gov.rs\/sr-latn\/\",\"logo\":{\"@type\":\"ImageObject\",\"inLanguage\":\"lat\",\"@id\":\"http:\/\/takmicarigeneracije.gov.rs\/sr-latn\/#\/schema\/logo\/image\/\",\"url\":\"http:\/\/takmicarigeneracije.gov.rs\/wp-content\/uploads\/2023\/11\/generacije-logo.svg\",\"contentUrl\":\"http:\/\/takmicarigeneracije.gov.rs\/wp-content\/uploads\/2023\/11\/generacije-logo.svg\",\"width\":169,\"height\":34,\"caption\":\"Takmi\u010dari generacije\"},\"image\":{\"@id\":\"http:\/\/takmicarigeneracije.gov.rs\/sr-latn\/#\/schema\/logo\/image\/\"}}]}<\/script>\n<!-- \/ Yoast SEO plugin. -->","yoast_head_json":{"title":"\u0160vajcarski sistem - A1 odeljenja &#8226; Takmi\u010dari generacije","description":"U cilju identifikacije, pra\u0107enja i podsticanja u\u010denika sa izuzetnim, posebnim sposobnostima napravljena je platforma Takmi\u010dari generacije.","robots":{"index":"index","follow":"follow","max-snippet":"max-snippet:-1","max-image-preview":"max-image-preview:large","max-video-preview":"max-video-preview:-1"},"canonical":"http:\/\/takmicarigeneracije.gov.rs\/sr-latn\/izuzetni\/svajcarski-sistem-a1-odeljenja\/","og_locale":"en_US","og_type":"article","og_title":"\u0160vajcarski sistem - A1 odeljenja &#8226; Takmi\u010dari generacije","og_description":"U cilju identifikacije, pra\u0107enja i podsticanja u\u010denika sa izuzetnim, posebnim sposobnostima napravljena je platforma Takmi\u010dari generacije.","og_url":"http:\/\/takmicarigeneracije.gov.rs\/sr-latn\/izuzetni\/svajcarski-sistem-a1-odeljenja\/","og_site_name":"\u0422\u0430\u043a\u043c\u0438\u0447\u0430\u0440\u0438 \u0433\u0435\u043d\u0435\u0440\u0430\u0446\u0438\u0458\u0435","article_modified_time":"2023-11-13T14:16:35+00:00","og_image":[{"url":"http:\/\/takmicarigeneracije.gov.rs\/wp-content\/uploads\/2023\/04\/tanda-hero.png","type":"","width":"","height":""}],"twitter_card":"summary_large_image","twitter_misc":{"Est. reading time":"3 minutes"},"schema":{"@context":"https:\/\/schema.org","@graph":[{"@type":"WebPage","@id":"http:\/\/takmicarigeneracije.gov.rs\/sr-latn\/izuzetni\/svajcarski-sistem-a1-odeljenja\/","url":"http:\/\/takmicarigeneracije.gov.rs\/sr-latn\/izuzetni\/svajcarski-sistem-a1-odeljenja\/","name":"\u0160vajcarski sistem - A1 odeljenja &#8226; Takmi\u010dari generacije","isPartOf":{"@id":"http:\/\/takmicarigeneracije.gov.rs\/sr-latn\/#website"},"primaryImageOfPage":{"@id":"http:\/\/takmicarigeneracije.gov.rs\/sr-latn\/izuzetni\/svajcarski-sistem-a1-odeljenja\/#primaryimage"},"image":{"@id":"http:\/\/takmicarigeneracije.gov.rs\/sr-latn\/izuzetni\/svajcarski-sistem-a1-odeljenja\/#primaryimage"},"thumbnailUrl":"http:\/\/takmicarigeneracije.gov.rs\/wp-content\/uploads\/2023\/04\/tanda-hero.png","datePublished":"2023-06-17T14:56:05+00:00","dateModified":"2023-11-13T14:16:35+00:00","description":"U cilju identifikacije, pra\u0107enja i podsticanja u\u010denika sa izuzetnim, posebnim sposobnostima napravljena je platforma Takmi\u010dari generacije.","breadcrumb":{"@id":"http:\/\/takmicarigeneracije.gov.rs\/sr-latn\/izuzetni\/svajcarski-sistem-a1-odeljenja\/#breadcrumb"},"inLanguage":"lat","potentialAction":[{"@type":"ReadAction","target":["http:\/\/takmicarigeneracije.gov.rs\/sr-latn\/izuzetni\/svajcarski-sistem-a1-odeljenja\/"]}]},{"@type":"ImageObject","inLanguage":"lat","@id":"http:\/\/takmicarigeneracije.gov.rs\/sr-latn\/izuzetni\/svajcarski-sistem-a1-odeljenja\/#primaryimage","url":"http:\/\/takmicarigeneracije.gov.rs\/wp-content\/uploads\/2023\/04\/tanda-hero.png","contentUrl":"http:\/\/takmicarigeneracije.gov.rs\/wp-content\/uploads\/2023\/04\/tanda-hero.png"},{"@type":"BreadcrumbList","@id":"http:\/\/takmicarigeneracije.gov.rs\/sr-latn\/izuzetni\/svajcarski-sistem-a1-odeljenja\/#breadcrumb","itemListElement":[{"@type":"ListItem","position":1,"name":"Po\u010detna","item":"http:\/\/takmicarigeneracije.gov.rs\/sr-latn\/"},{"@type":"ListItem","position":2,"name":"Izuzetni","item":"http:\/\/takmicarigeneracije.gov.rs\/sr-latn\/izuzetni\/"},{"@type":"ListItem","position":3,"name":"\u0160vajcarski sistem &#8211; A1 odeljenja"}]},{"@type":"WebSite","@id":"http:\/\/takmicarigeneracije.gov.rs\/sr-latn\/#website","url":"http:\/\/takmicarigeneracije.gov.rs\/sr-latn\/","name":"\u0422\u0430\u043a\u043c\u0438\u0447\u0430\u0440\u0438 \u0433\u0435\u043d\u0435\u0440\u0430\u0446\u0438\u0458\u0435","description":"\u041e\u0432\u0434\u0435 \u0441\u043c\u043e \u0434\u0430 \u043f\u043e\u0434\u0440\u0436\u0438\u043c\u043e \u0443\u0441\u043f\u0435\u0445\u0435.","publisher":{"@id":"http:\/\/takmicarigeneracije.gov.rs\/sr-latn\/#organization"},"alternateName":"\u0422\u0430\u043a\u043c\u0438\u0447\u0430\u0440\u0438 \u0433\u0435\u043d\u0435\u0440\u0430\u0446\u0438\u0458\u0435","potentialAction":[{"@type":"SearchAction","target":{"@type":"EntryPoint","urlTemplate":"http:\/\/takmicarigeneracije.gov.rs\/sr-latn\/?s={search_term_string}"},"query-input":{"@type":"PropertyValueSpecification","valueRequired":true,"valueName":"search_term_string"}}],"inLanguage":"lat"},{"@type":"Organization","@id":"http:\/\/takmicarigeneracije.gov.rs\/sr-latn\/#organization","name":"Takmi\u010dari generacije","alternateName":"\u0422\u0430\u043a\u043c\u0438\u0447\u0430\u0440\u0438 \u0433\u0435\u043d\u0435\u0440\u0430\u0446\u0438\u0458\u0435","url":"http:\/\/takmicarigeneracije.gov.rs\/sr-latn\/","logo":{"@type":"ImageObject","inLanguage":"lat","@id":"http:\/\/takmicarigeneracije.gov.rs\/sr-latn\/#\/schema\/logo\/image\/","url":"http:\/\/takmicarigeneracije.gov.rs\/wp-content\/uploads\/2023\/11\/generacije-logo.svg","contentUrl":"http:\/\/takmicarigeneracije.gov.rs\/wp-content\/uploads\/2023\/11\/generacije-logo.svg","width":169,"height":34,"caption":"Takmi\u010dari generacije"},"image":{"@id":"http:\/\/takmicarigeneracije.gov.rs\/sr-latn\/#\/schema\/logo\/image\/"}}]}},"_links":{"self":[{"href":"http:\/\/takmicarigeneracije.gov.rs\/sr-latn\/wp-json\/wp\/v2\/pages\/4823","targetHints":{"allow":["GET"]}}],"collection":[{"href":"http:\/\/takmicarigeneracije.gov.rs\/sr-latn\/wp-json\/wp\/v2\/pages"}],"about":[{"href":"http:\/\/takmicarigeneracije.gov.rs\/sr-latn\/wp-json\/wp\/v2\/types\/page"}],"author":[{"embeddable":true,"href":"http:\/\/takmicarigeneracije.gov.rs\/sr-latn\/wp-json\/wp\/v2\/users\/1"}],"replies":[{"embeddable":true,"href":"http:\/\/takmicarigeneracije.gov.rs\/sr-latn\/wp-json\/wp\/v2\/comments?post=4823"}],"version-history":[{"count":0,"href":"http:\/\/takmicarigeneracije.gov.rs\/sr-latn\/wp-json\/wp\/v2\/pages\/4823\/revisions"}],"up":[{"embeddable":true,"href":"http:\/\/takmicarigeneracije.gov.rs\/sr-latn\/wp-json\/wp\/v2\/pages\/1767"}],"wp:attachment":[{"href":"http:\/\/takmicarigeneracije.gov.rs\/sr-latn\/wp-json\/wp\/v2\/media?parent=4823"}],"curies":[{"name":"wp","href":"https:\/\/api.w.org\/{rel}","templated":true}]}}