{"id":6444,"date":"2023-11-15T15:09:26","date_gmt":"2023-11-15T14:09:26","guid":{"rendered":"http:\/\/takmicari-gen.codeit-dev.com\/?page_id=6444"},"modified":"2023-11-15T15:09:26","modified_gmt":"2023-11-15T14:09:26","slug":"srpski-jezik-kao-nematernji","status":"publish","type":"page","link":"http:\/\/takmicarigeneracije.gov.rs\/sr-latn\/rezultati-takmicenja-kopija\/srpski-jezik-kao-nematernji\/","title":{"rendered":"Srpski jezik kao nematernji"},"content":{"rendered":"\t\t<div data-elementor-type=\"wp-page\" data-elementor-id=\"6444\" class=\"elementor elementor-6444\" data-elementor-post-type=\"page\">\n\t\t\t\t\t\t<section class=\"elementor-section elementor-top-section elementor-element elementor-element-6e4d082 elementor-section-boxed elementor-section-height-default elementor-section-height-default\" data-id=\"6e4d082\" data-element_type=\"section\">\n\t\t\t\t\t\t<div class=\"elementor-container elementor-column-gap-default\">\n\t\t\t\t\t<div class=\"elementor-column elementor-col-100 elementor-top-column elementor-element elementor-element-f6774cb\" data-id=\"f6774cb\" data-element_type=\"column\">\n\t\t\t<div class=\"elementor-widget-wrap elementor-element-populated\">\n\t\t\t\t\t\t<div class=\"elementor-element elementor-element-5eb9c06 elementor-widget elementor-widget-heading\" data-id=\"5eb9c06\" data-element_type=\"widget\" data-widget_type=\"heading.default\">\n\t\t\t\t<div class=\"elementor-widget-container\">\n\t\t\t\t\t<h2 class=\"elementor-heading-title elementor-size-default\">Tabela rezultata<\/h2>\t\t\t\t<\/div>\n\t\t\t\t<\/div>\n\t\t\t\t<div class=\"elementor-element elementor-element-ca93634 elementor-widget elementor-widget-shortcode\" data-id=\"ca93634\" data-element_type=\"widget\" data-widget_type=\"shortcode.default\">\n\t\t\t\t<div class=\"elementor-widget-container\">\n\t\t\t\t\t\t\t<div class=\"elementor-shortcode\">\n<table id=\"tablepress-281\" class=\"tablepress tablepress-id-281\">\n<thead>\n<tr class=\"row-1\">\n\t<th class=\"column-1\">Redni broj<\/th><th class=\"column-2\">Takmi\u010denje<\/th><th class=\"column-3\">Broj u\u010desnika<br \/>\n( redova u tabeli )<\/th><th class=\"column-4\">Mesto odr\u017eavanja<\/th><th class=\"column-5\">Datum odr\u017eavanja takmi\u010denja<\/th>\n<\/tr>\n<\/thead>\n<tbody class=\"row-striping row-hover\">\n<tr class=\"row-2\">\n\t<td class=\"column-1\">1<\/td><td class=\"column-2\">Bugarski jezik<\/td><td class=\"column-3\">?<\/td><td class=\"column-4\">??<br \/>\nDimitrovgrad<\/td><td class=\"column-5\">???<\/td>\n<\/tr>\n<tr class=\"row-3\">\n\t<td class=\"column-1\">2<\/td><td class=\"column-2\">Slova\u010dki jezik<\/td><td class=\"column-3\">4<\/td><td class=\"column-4\">Kova\u010dica \/ Ba\u010dki Petrovac<\/td><td class=\"column-5\">_<br \/>\n27.maj 2023.<\/td>\n<\/tr>\n<tr class=\"row-4\">\n\t<td class=\"column-1\">3<\/td><td class=\"column-2\">Hrvatski jezik<\/td><td class=\"column-3\">6<\/td><td class=\"column-4\">\u0110ur\u0111in, Subotica<\/td><td class=\"column-5\">_<br \/>\n27.maj 2023.<\/td>\n<\/tr>\n<tr class=\"row-5\">\n\t<td class=\"column-1\">4<\/td><td class=\"column-2\">Italijanski jezik<\/td><td class=\"column-3\">6 (8)<\/td><td class=\"column-4\">Beograd<\/td><td class=\"column-5\">_<br \/>\n23.april 2023.<\/td>\n<\/tr>\n<tr class=\"row-6\">\n\t<td class=\"column-1\">5<\/td><td class=\"column-2\">\u0160panski jezik<\/td><td class=\"column-3\">7(10)<\/td><td class=\"column-4\">Beograd<\/td><td class=\"column-5\">_<br \/>\n23.april 2023.<\/td>\n<\/tr>\n<tr class=\"row-7\">\n\t<td class=\"column-1\">6<\/td><td class=\"column-2\">Rumunski jezik<\/td><td class=\"column-3\">8<\/td><td class=\"column-4\">Novi Sad<\/td><td class=\"column-5\">_<br \/>\n27.maj 2023.<\/td>\n<\/tr>\n<tr class=\"row-8\">\n\t<td class=\"column-1\">7<\/td><td class=\"column-2\">Rusinski jezik<\/td><td class=\"column-3\">8<\/td><td class=\"column-4\">Kucura, Vrbas<\/td><td class=\"column-5\">_<br \/>\n27.maj 2023.<\/td>\n<\/tr>\n<tr class=\"row-9\">\n\t<td class=\"column-1\">8<\/td><td class=\"column-2\">Srpski jezik kao nematernji<\/td><td class=\"column-3\">13<\/td><td class=\"column-4\">Stara Pazova<\/td><td class=\"column-5\">_<br \/>\n21.maj 2023<\/td>\n<\/tr>\n<tr class=\"row-10\">\n\t<td class=\"column-1\">9<\/td><td class=\"column-2\">SMO - Srpska matemati\u010dka olimpijada<\/td><td class=\"column-3\">15<\/td><td class=\"column-4\">Beograd<\/td><td class=\"column-5\">28.5.2023.<\/td>\n<\/tr>\n<tr class=\"row-11\">\n\t<td class=\"column-1\">10<\/td><td class=\"column-2\">Ma\u0111arski jezik<\/td><td class=\"column-3\">17<\/td><td class=\"column-4\">Subotica<\/td><td class=\"column-5\">_<br \/>\n27.maj 2023.<\/td>\n<\/tr>\n<tr class=\"row-12\">\n\t<td class=\"column-1\">11<\/td><td class=\"column-2\">Tehnika i tehnologija<\/td><td class=\"column-3\">18<\/td><td class=\"column-4\">Grocka, Beograd<\/td><td class=\"column-5\">20.-21. maj 2023.<\/td>\n<\/tr>\n<tr class=\"row-13\">\n\t<td class=\"column-1\">12<\/td><td class=\"column-2\">Bosanski jezik<\/td><td class=\"column-3\">22<\/td><td class=\"column-4\">Novi Pazar<\/td><td class=\"column-5\">_<br \/>\n27.maj 2023.<\/td>\n<\/tr>\n<tr class=\"row-14\">\n\t<td class=\"column-1\">13<\/td><td class=\"column-2\">Robotika<\/td><td class=\"column-3\">23<\/td><td class=\"column-4\">Novi Sad<\/td><td class=\"column-5\">20.-21. maj 2023.<\/td>\n<\/tr>\n<tr class=\"row-15\">\n\t<td class=\"column-1\">14<\/td><td class=\"column-2\">Francuski jezik<\/td><td class=\"column-3\">8 (31)<\/td><td class=\"column-4\">Beograd<\/td><td class=\"column-5\">_<br \/>\n23.april 2023.<\/td>\n<\/tr>\n<tr class=\"row-16\">\n\t<td class=\"column-1\">15<\/td><td class=\"column-2\">Fizika (4 \u010dasa nedeljno)<\/td><td class=\"column-3\">31<\/td><td class=\"column-4\">Po\u017earev\u0430c<\/td><td class=\"column-5\">22.-23. april 2023.<\/td>\n<\/tr>\n<tr class=\"row-17\">\n\t<td class=\"column-1\">16<\/td><td class=\"column-2\">SIO - Srpska informati\u010dka olimpijada<\/td><td class=\"column-3\">31<\/td><td class=\"column-4\">Beograd<\/td><td class=\"column-5\">29. april 2023.<\/td>\n<\/tr>\n<tr class=\"row-18\">\n\t<td class=\"column-1\">17<\/td><td class=\"column-2\">SFO- Srpska fizi\u010dka olimpijada<\/td><td class=\"column-3\">32<\/td><td class=\"column-4\">Beograd<\/td><td class=\"column-5\">11.-12. maj 2023.<\/td>\n<\/tr>\n<tr class=\"row-19\">\n\t<td class=\"column-1\">18<\/td><td class=\"column-2\">NIS Olimpijada iz Ruskog jezika (Srbija, Crna gora, Republika Srpska )<\/td><td class=\"column-3\">36<\/td><td class=\"column-4\">Novi Sad<\/td><td class=\"column-5\">_<br \/>\n28. maj 2023.<\/td>\n<\/tr>\n<tr class=\"row-20\">\n\t<td class=\"column-1\">19<\/td><td class=\"column-2\">Nema\u010dki jezik<\/td><td class=\"column-3\">11(39)<\/td><td class=\"column-4\">Beograd<\/td><td class=\"column-5\">_<br \/>\n23.april 2023.<\/td>\n<\/tr>\n<tr class=\"row-21\">\n\t<td class=\"column-1\">20<\/td><td class=\"column-2\">Saobra\u0107aj<\/td><td class=\"column-3\">51<\/td><td class=\"column-4\">Beograd<\/td><td class=\"column-5\">02.-03. jun 2023.<\/td>\n<\/tr>\n<tr class=\"row-22\">\n\t<td class=\"column-1\">21<\/td><td class=\"column-2\">Verska nastava - kvirizacija<\/td><td class=\"column-3\">63<\/td><td class=\"column-4\">Online - Internet<\/td><td class=\"column-5\">20. maj 2023.<\/td>\n<\/tr>\n<tr class=\"row-23\">\n\t<td class=\"column-1\">22<\/td><td class=\"column-2\">Hemija<\/td><td class=\"column-3\">71<\/td><td class=\"column-4\">Ni\u0161<\/td><td class=\"column-5\">5.\u20127. maj 2023.<\/td>\n<\/tr>\n<tr class=\"row-24\">\n\t<td class=\"column-1\">23<\/td><td class=\"column-2\">Informatika<\/td><td class=\"column-3\">72<\/td><td class=\"column-4\">Beograd<\/td><td class=\"column-5\">1.4.2023<\/td>\n<\/tr>\n<tr class=\"row-25\">\n\t<td class=\"column-1\">24<\/td><td class=\"column-2\">Ruski jezik<\/td><td class=\"column-3\">12 (81)<\/td><td class=\"column-4\">Beograd<\/td><td class=\"column-5\">_<br \/>\n23.april 2023.<\/td>\n<\/tr>\n<tr class=\"row-26\">\n\t<td class=\"column-1\">25<\/td><td class=\"column-2\">Fizika ( 2 \u010dasa nedeljno )<\/td><td class=\"column-3\">81<\/td><td class=\"column-4\">Po\u017earev\u0430c<\/td><td class=\"column-5\">22.\u201223. april 2023.<\/td>\n<\/tr>\n<tr class=\"row-27\">\n\t<td class=\"column-1\">26<\/td><td class=\"column-2\">Geografija<\/td><td class=\"column-3\">100<\/td><td class=\"column-4\">Po\u017eega<\/td><td class=\"column-5\">_ 14. maj 2023.<\/td>\n<\/tr>\n<tr class=\"row-28\">\n\t<td class=\"column-1\">27<\/td><td class=\"column-2\">Matematika<\/td><td class=\"column-3\">106<\/td><td class=\"column-4\">Jagodina<\/td><td class=\"column-5\">_ 13. maj 2023.<\/td>\n<\/tr>\n<tr class=\"row-29\">\n\t<td class=\"column-1\">28<\/td><td class=\"column-2\">Biologija<\/td><td class=\"column-3\">166<\/td><td class=\"column-4\">Beograd<\/td><td class=\"column-5\">_ 28. maj 2023<\/td>\n<\/tr>\n<tr class=\"row-30\">\n\t<td class=\"column-1\">29<\/td><td class=\"column-2\">Istorija<\/td><td class=\"column-3\">197<\/td><td class=\"column-4\">Leskovac<\/td><td class=\"column-5\">_<br \/>\n28.maj 2023.<\/td>\n<\/tr>\n<tr class=\"row-31\">\n\t<td class=\"column-1\">30<\/td><td class=\"column-2\">Srpski jezik<\/td><td class=\"column-3\">207<\/td><td class=\"column-4\">Tr\u0161i\u0107<\/td><td class=\"column-5\">_<br \/>\n27.maj 2023.<\/td>\n<\/tr>\n<tr class=\"row-32\">\n\t<td class=\"column-1\">31<\/td><td class=\"column-2\">Engleski jezik<\/td><td class=\"column-3\">18 (208)<\/td><td class=\"column-4\">Beograd<\/td><td class=\"column-5\">23. april 2023.<\/td>\n<\/tr>\n<tr class=\"row-33\">\n\t<td class=\"column-1\">32<\/td><td class=\"column-2\">Knji\u017eevnost<\/td><td class=\"column-3\">215<\/td><td class=\"column-4\">Sremski Karlovci<\/td><td class=\"column-5\">_ 29.4.2023.<\/td>\n<\/tr>\n<tr class=\"row-34\">\n\t<td class=\"column-1\">33<\/td><td class=\"column-2\">(eng. \u0408\u041c\u0411\u041e ) - Balkanska Juniorska olimpijada iz matematike<\/td><td class=\"column-3\">5 (60)<\/td><td class=\"column-4\">Tirana, Albanija<\/td><td class=\"column-5\">23.-28. jun 2023.<\/td>\n<\/tr>\n<tr class=\"row-35\">\n\t<td class=\"column-1\">34<\/td><td class=\"column-2\">(eng. \u0415\u0408\u041e\u0418 ) - Evropska Juniorska olimpijada iz informatike<\/td><td class=\"column-3\">1 (95)<\/td><td class=\"column-4\">Kutaisi, Gruzija<\/td><td class=\"column-5\">8.-14. septembar 2023.<\/td>\n<\/tr>\n<tr class=\"row-36\">\n\t<td class=\"column-1\">35<\/td><td class=\"column-2\">(eng. \u0418\u0408\u0421\u041e ) - Me\u0111unarodna Juniorska Nau\u010dna Olimpijada<br \/>\n(ravnopravno iz biologije,<br \/>\nhemije i fizike)<\/td><td class=\"column-3\">200+<\/td><td class=\"column-4\">Bangkok, Tajland<\/td><td class=\"column-5\">1.-10. decembar 2023.<\/td>\n<\/tr>\n<tr class=\"row-37\">\n\t<td class=\"column-1\">36<\/td><td class=\"column-2\">(eng. \u0408\u041c\u0411\u0418 ) - Balkanska Juniorska olimpijada iz informatike<\/td><td class=\"column-3\">50+<\/td><td class=\"column-4\">Strumica, Makedonija<\/td><td class=\"column-5\">25.-28. decembar 2023.<\/td>\n<\/tr>\n<\/tbody>\n<\/table>\n<!-- #tablepress-281 from cache --><\/div>\n\t\t\t\t\t\t<\/div>\n\t\t\t\t<\/div>\n\t\t\t\t\t<\/div>\n\t\t<\/div>\n\t\t\t\t\t<\/div>\n\t\t<\/section>\n\t\t\t\t<\/div>\n\t\t","protected":false},"excerpt":{"rendered":"<p>Tabela rezultata<\/p>\n","protected":false},"author":6,"featured_media":0,"parent":6397,"menu_order":1,"comment_status":"closed","ping_status":"closed","template":"page-templates\/home1.php","meta":{"_acf_changed":false,"footnotes":""},"class_list":["post-6444","page","type-page","status-publish","hentry"],"acf":[],"yoast_head":"<!-- This site is optimized with the Yoast SEO plugin v26.4 - https:\/\/yoast.com\/wordpress\/plugins\/seo\/ -->\n<title>Srpski jezik kao nematernji &#8226; Takmi\u010dari generacije<\/title>\n<meta name=\"description\" content=\"U cilju identifikacije, pra\u0107enja i podsticanja u\u010denika sa izuzetnim, posebnim sposobnostima napravljena je platforma Takmi\u010dari generacije.\" \/>\n<meta name=\"robots\" content=\"index, follow, max-snippet:-1, max-image-preview:large, max-video-preview:-1\" \/>\n<link rel=\"canonical\" href=\"http:\/\/takmicarigeneracije.gov.rs\/sr-latn\/rezultati-takmicenja-kopija\/srpski-jezik-kao-nematernji\/\" \/>\n<meta property=\"og:locale\" content=\"en_US\" \/>\n<meta property=\"og:type\" content=\"article\" \/>\n<meta property=\"og:title\" content=\"Srpski jezik kao nematernji &#8226; Takmi\u010dari generacije\" \/>\n<meta property=\"og:description\" content=\"U cilju identifikacije, pra\u0107enja i podsticanja u\u010denika sa izuzetnim, posebnim sposobnostima napravljena je platforma Takmi\u010dari generacije.\" \/>\n<meta property=\"og:url\" content=\"http:\/\/takmicarigeneracije.gov.rs\/sr-latn\/rezultati-takmicenja-kopija\/srpski-jezik-kao-nematernji\/\" \/>\n<meta property=\"og:site_name\" content=\"\u0422\u0430\u043a\u043c\u0438\u0447\u0430\u0440\u0438 \u0433\u0435\u043d\u0435\u0440\u0430\u0446\u0438\u0458\u0435\" \/>\n<meta property=\"og:image\" content=\"http:\/\/takmicarigeneracije.gov.rs\/wp-content\/uploads\/2024\/09\/takmicari-shareimg.jpg\" \/>\n\t<meta property=\"og:image:width\" content=\"1200\" \/>\n\t<meta property=\"og:image:height\" content=\"630\" \/>\n\t<meta property=\"og:image:type\" content=\"image\/jpeg\" \/>\n<meta name=\"twitter:card\" content=\"summary_large_image\" \/>\n<meta name=\"twitter:label1\" content=\"Est. reading time\" \/>\n\t<meta name=\"twitter:data1\" content=\"1 minute\" \/>\n<script type=\"application\/ld+json\" class=\"yoast-schema-graph\">{\"@context\":\"https:\/\/schema.org\",\"@graph\":[{\"@type\":\"WebPage\",\"@id\":\"http:\/\/takmicarigeneracije.gov.rs\/sr-latn\/rezultati-takmicenja-kopija\/srpski-jezik-kao-nematernji\/\",\"url\":\"http:\/\/takmicarigeneracije.gov.rs\/sr-latn\/rezultati-takmicenja-kopija\/srpski-jezik-kao-nematernji\/\",\"name\":\"Srpski jezik kao nematernji &#8226; Takmi\u010dari generacije\",\"isPartOf\":{\"@id\":\"http:\/\/takmicarigeneracije.gov.rs\/sr-latn\/#website\"},\"datePublished\":\"2023-11-15T14:09:26+00:00\",\"description\":\"U cilju identifikacije, pra\u0107enja i podsticanja u\u010denika sa izuzetnim, posebnim sposobnostima napravljena je platforma Takmi\u010dari generacije.\",\"breadcrumb\":{\"@id\":\"http:\/\/takmicarigeneracije.gov.rs\/sr-latn\/rezultati-takmicenja-kopija\/srpski-jezik-kao-nematernji\/#breadcrumb\"},\"inLanguage\":\"lat\",\"potentialAction\":[{\"@type\":\"ReadAction\",\"target\":[\"http:\/\/takmicarigeneracije.gov.rs\/sr-latn\/rezultati-takmicenja-kopija\/srpski-jezik-kao-nematernji\/\"]}]},{\"@type\":\"BreadcrumbList\",\"@id\":\"http:\/\/takmicarigeneracije.gov.rs\/sr-latn\/rezultati-takmicenja-kopija\/srpski-jezik-kao-nematernji\/#breadcrumb\",\"itemListElement\":[{\"@type\":\"ListItem\",\"position\":1,\"name\":\"Po\u010detna\",\"item\":\"http:\/\/takmicarigeneracije.gov.rs\/sr-latn\/\"},{\"@type\":\"ListItem\",\"position\":2,\"name\":\"\u0420\u0435\u0437\u0443\u043b\u0442\u0430\u0442\u0438 2023 &#8211; \u043a\u043e\u043f\u0438\u0458\u0430\",\"item\":\"http:\/\/takmicarigeneracije.gov.rs\/sr-latn\/rezultati-takmicenja-kopija\/\"},{\"@type\":\"ListItem\",\"position\":3,\"name\":\"Srpski jezik kao nematernji\"}]},{\"@type\":\"WebSite\",\"@id\":\"http:\/\/takmicarigeneracije.gov.rs\/sr-latn\/#website\",\"url\":\"http:\/\/takmicarigeneracije.gov.rs\/sr-latn\/\",\"name\":\"\u0422\u0430\u043a\u043c\u0438\u0447\u0430\u0440\u0438 \u0433\u0435\u043d\u0435\u0440\u0430\u0446\u0438\u0458\u0435\",\"description\":\"\u041e\u0432\u0434\u0435 \u0441\u043c\u043e \u0434\u0430 \u043f\u043e\u0434\u0440\u0436\u0438\u043c\u043e \u0443\u0441\u043f\u0435\u0445\u0435.\",\"publisher\":{\"@id\":\"http:\/\/takmicarigeneracije.gov.rs\/sr-latn\/#organization\"},\"alternateName\":\"\u0422\u0430\u043a\u043c\u0438\u0447\u0430\u0440\u0438 \u0433\u0435\u043d\u0435\u0440\u0430\u0446\u0438\u0458\u0435\",\"potentialAction\":[{\"@type\":\"SearchAction\",\"target\":{\"@type\":\"EntryPoint\",\"urlTemplate\":\"http:\/\/takmicarigeneracije.gov.rs\/sr-latn\/?s={search_term_string}\"},\"query-input\":{\"@type\":\"PropertyValueSpecification\",\"valueRequired\":true,\"valueName\":\"search_term_string\"}}],\"inLanguage\":\"lat\"},{\"@type\":\"Organization\",\"@id\":\"http:\/\/takmicarigeneracije.gov.rs\/sr-latn\/#organization\",\"name\":\"Takmi\u010dari generacije\",\"alternateName\":\"\u0422\u0430\u043a\u043c\u0438\u0447\u0430\u0440\u0438 \u0433\u0435\u043d\u0435\u0440\u0430\u0446\u0438\u0458\u0435\",\"url\":\"http:\/\/takmicarigeneracije.gov.rs\/sr-latn\/\",\"logo\":{\"@type\":\"ImageObject\",\"inLanguage\":\"lat\",\"@id\":\"http:\/\/takmicarigeneracije.gov.rs\/sr-latn\/#\/schema\/logo\/image\/\",\"url\":\"http:\/\/takmicarigeneracije.gov.rs\/wp-content\/uploads\/2023\/11\/generacije-logo.svg\",\"contentUrl\":\"http:\/\/takmicarigeneracije.gov.rs\/wp-content\/uploads\/2023\/11\/generacije-logo.svg\",\"width\":169,\"height\":34,\"caption\":\"Takmi\u010dari generacije\"},\"image\":{\"@id\":\"http:\/\/takmicarigeneracije.gov.rs\/sr-latn\/#\/schema\/logo\/image\/\"}}]}<\/script>\n<!-- \/ Yoast SEO plugin. -->","yoast_head_json":{"title":"Srpski jezik kao nematernji &#8226; Takmi\u010dari generacije","description":"U cilju identifikacije, pra\u0107enja i podsticanja u\u010denika sa izuzetnim, posebnim sposobnostima napravljena je platforma Takmi\u010dari generacije.","robots":{"index":"index","follow":"follow","max-snippet":"max-snippet:-1","max-image-preview":"max-image-preview:large","max-video-preview":"max-video-preview:-1"},"canonical":"http:\/\/takmicarigeneracije.gov.rs\/sr-latn\/rezultati-takmicenja-kopija\/srpski-jezik-kao-nematernji\/","og_locale":"en_US","og_type":"article","og_title":"Srpski jezik kao nematernji &#8226; Takmi\u010dari generacije","og_description":"U cilju identifikacije, pra\u0107enja i podsticanja u\u010denika sa izuzetnim, posebnim sposobnostima napravljena je platforma Takmi\u010dari generacije.","og_url":"http:\/\/takmicarigeneracije.gov.rs\/sr-latn\/rezultati-takmicenja-kopija\/srpski-jezik-kao-nematernji\/","og_site_name":"\u0422\u0430\u043a\u043c\u0438\u0447\u0430\u0440\u0438 \u0433\u0435\u043d\u0435\u0440\u0430\u0446\u0438\u0458\u0435","og_image":[{"width":1200,"height":630,"url":"http:\/\/takmicarigeneracije.gov.rs\/wp-content\/uploads\/2024\/09\/takmicari-shareimg.jpg","type":"image\/jpeg"}],"twitter_card":"summary_large_image","twitter_misc":{"Est. reading time":"1 minute"},"schema":{"@context":"https:\/\/schema.org","@graph":[{"@type":"WebPage","@id":"http:\/\/takmicarigeneracije.gov.rs\/sr-latn\/rezultati-takmicenja-kopija\/srpski-jezik-kao-nematernji\/","url":"http:\/\/takmicarigeneracije.gov.rs\/sr-latn\/rezultati-takmicenja-kopija\/srpski-jezik-kao-nematernji\/","name":"Srpski jezik kao nematernji &#8226; Takmi\u010dari generacije","isPartOf":{"@id":"http:\/\/takmicarigeneracije.gov.rs\/sr-latn\/#website"},"datePublished":"2023-11-15T14:09:26+00:00","description":"U cilju identifikacije, pra\u0107enja i podsticanja u\u010denika sa izuzetnim, posebnim sposobnostima napravljena je platforma Takmi\u010dari generacije.","breadcrumb":{"@id":"http:\/\/takmicarigeneracije.gov.rs\/sr-latn\/rezultati-takmicenja-kopija\/srpski-jezik-kao-nematernji\/#breadcrumb"},"inLanguage":"lat","potentialAction":[{"@type":"ReadAction","target":["http:\/\/takmicarigeneracije.gov.rs\/sr-latn\/rezultati-takmicenja-kopija\/srpski-jezik-kao-nematernji\/"]}]},{"@type":"BreadcrumbList","@id":"http:\/\/takmicarigeneracije.gov.rs\/sr-latn\/rezultati-takmicenja-kopija\/srpski-jezik-kao-nematernji\/#breadcrumb","itemListElement":[{"@type":"ListItem","position":1,"name":"Po\u010detna","item":"http:\/\/takmicarigeneracije.gov.rs\/sr-latn\/"},{"@type":"ListItem","position":2,"name":"\u0420\u0435\u0437\u0443\u043b\u0442\u0430\u0442\u0438 2023 &#8211; \u043a\u043e\u043f\u0438\u0458\u0430","item":"http:\/\/takmicarigeneracije.gov.rs\/sr-latn\/rezultati-takmicenja-kopija\/"},{"@type":"ListItem","position":3,"name":"Srpski jezik kao nematernji"}]},{"@type":"WebSite","@id":"http:\/\/takmicarigeneracije.gov.rs\/sr-latn\/#website","url":"http:\/\/takmicarigeneracije.gov.rs\/sr-latn\/","name":"\u0422\u0430\u043a\u043c\u0438\u0447\u0430\u0440\u0438 \u0433\u0435\u043d\u0435\u0440\u0430\u0446\u0438\u0458\u0435","description":"\u041e\u0432\u0434\u0435 \u0441\u043c\u043e \u0434\u0430 \u043f\u043e\u0434\u0440\u0436\u0438\u043c\u043e \u0443\u0441\u043f\u0435\u0445\u0435.","publisher":{"@id":"http:\/\/takmicarigeneracije.gov.rs\/sr-latn\/#organization"},"alternateName":"\u0422\u0430\u043a\u043c\u0438\u0447\u0430\u0440\u0438 \u0433\u0435\u043d\u0435\u0440\u0430\u0446\u0438\u0458\u0435","potentialAction":[{"@type":"SearchAction","target":{"@type":"EntryPoint","urlTemplate":"http:\/\/takmicarigeneracije.gov.rs\/sr-latn\/?s={search_term_string}"},"query-input":{"@type":"PropertyValueSpecification","valueRequired":true,"valueName":"search_term_string"}}],"inLanguage":"lat"},{"@type":"Organization","@id":"http:\/\/takmicarigeneracije.gov.rs\/sr-latn\/#organization","name":"Takmi\u010dari generacije","alternateName":"\u0422\u0430\u043a\u043c\u0438\u0447\u0430\u0440\u0438 \u0433\u0435\u043d\u0435\u0440\u0430\u0446\u0438\u0458\u0435","url":"http:\/\/takmicarigeneracije.gov.rs\/sr-latn\/","logo":{"@type":"ImageObject","inLanguage":"lat","@id":"http:\/\/takmicarigeneracije.gov.rs\/sr-latn\/#\/schema\/logo\/image\/","url":"http:\/\/takmicarigeneracije.gov.rs\/wp-content\/uploads\/2023\/11\/generacije-logo.svg","contentUrl":"http:\/\/takmicarigeneracije.gov.rs\/wp-content\/uploads\/2023\/11\/generacije-logo.svg","width":169,"height":34,"caption":"Takmi\u010dari generacije"},"image":{"@id":"http:\/\/takmicarigeneracije.gov.rs\/sr-latn\/#\/schema\/logo\/image\/"}}]}},"_links":{"self":[{"href":"http:\/\/takmicarigeneracije.gov.rs\/sr-latn\/wp-json\/wp\/v2\/pages\/6444","targetHints":{"allow":["GET"]}}],"collection":[{"href":"http:\/\/takmicarigeneracije.gov.rs\/sr-latn\/wp-json\/wp\/v2\/pages"}],"about":[{"href":"http:\/\/takmicarigeneracije.gov.rs\/sr-latn\/wp-json\/wp\/v2\/types\/page"}],"author":[{"embeddable":true,"href":"http:\/\/takmicarigeneracije.gov.rs\/sr-latn\/wp-json\/wp\/v2\/users\/6"}],"replies":[{"embeddable":true,"href":"http:\/\/takmicarigeneracije.gov.rs\/sr-latn\/wp-json\/wp\/v2\/comments?post=6444"}],"version-history":[{"count":0,"href":"http:\/\/takmicarigeneracije.gov.rs\/sr-latn\/wp-json\/wp\/v2\/pages\/6444\/revisions"}],"up":[{"embeddable":true,"href":"http:\/\/takmicarigeneracije.gov.rs\/sr-latn\/wp-json\/wp\/v2\/pages\/6397"}],"wp:attachment":[{"href":"http:\/\/takmicarigeneracije.gov.rs\/sr-latn\/wp-json\/wp\/v2\/media?parent=6444"}],"curies":[{"name":"wp","href":"https:\/\/api.w.org\/{rel}","templated":true}]}}